{"id":240429,"date":"2020-12-10T11:25:30","date_gmt":"2020-12-10T11:25:30","guid":{"rendered":"https:\/\/www.sistemas-catalunya.com\/avis-legal\/"},"modified":"2024-09-17T14:51:21","modified_gmt":"2024-09-17T13:51:21","slug":"avis-legal","status":"publish","type":"page","link":"https:\/\/www.sistemas-catalunya.com\/ca\/avis-legal\/","title":{"rendered":"Av\u00eds legal"},"content":{"rendered":"\t\t<div data-elementor-type=\"wp-page\" data-elementor-id=\"240429\" class=\"elementor elementor-240429 elementor-237490\" data-elementor-post-type=\"page\">\n\t\t\t\t\t\t<section class=\"elementor-section elementor-top-section elementor-element elementor-element-c66c70d elementor-section-height-min-height elementor-section-content-middle elementor-section-boxed elementor-section-height-default elementor-section-items-middle\" data-id=\"c66c70d\" data-element_type=\"section\" data-e-type=\"section\" id=\"hdInner\" data-settings=\"{&quot;background_background&quot;:&quot;classic&quot;}\">\n\t\t\t\t\t\t\t<div class=\"elementor-background-overlay\"><\/div>\n\t\t\t\t\t\t\t<div class=\"elementor-container elementor-column-gap-default\">\n\t\t\t\t\t<div class=\"elementor-column elementor-col-100 elementor-top-column elementor-element elementor-element-73069c6\" data-id=\"73069c6\" data-element_type=\"column\" data-e-type=\"column\">\n\t\t\t<div class=\"elementor-widget-wrap elementor-element-populated\">\n\t\t\t\t\t\t<div class=\"elementor-element elementor-element-a845703 elementor-widget elementor-widget-heading\" data-id=\"a845703\" data-element_type=\"widget\" data-e-type=\"widget\" data-widget_type=\"heading.default\">\n\t\t\t\t<div class=\"elementor-widget-container\">\n\t\t\t\t\t<h1 class=\"elementor-heading-title elementor-size-default\">Av\u00eds legal<\/h1>\t\t\t\t<\/div>\n\t\t\t\t<\/div>\n\t\t\t\t\t<\/div>\n\t\t<\/div>\n\t\t\t\t\t<\/div>\n\t\t<\/section>\n\t\t\t\t<section class=\"elementor-section elementor-top-section elementor-element elementor-element-6833f0f6 elementor-section-boxed elementor-section-height-default elementor-section-height-default\" data-id=\"6833f0f6\" data-element_type=\"section\" data-e-type=\"section\">\n\t\t\t\t\t\t<div class=\"elementor-container elementor-column-gap-default\">\n\t\t\t\t\t<div class=\"elementor-column elementor-col-100 elementor-top-column elementor-element elementor-element-5832eee\" data-id=\"5832eee\" data-element_type=\"column\" data-e-type=\"column\">\n\t\t\t<div class=\"elementor-widget-wrap elementor-element-populated\">\n\t\t\t\t\t\t<div class=\"elementor-element elementor-element-796ff361 elementor-widget elementor-widget-text-editor\" data-id=\"796ff361\" data-element_type=\"widget\" data-e-type=\"widget\" data-widget_type=\"text-editor.default\">\n\t\t\t\t<div class=\"elementor-widget-container\">\n\t\t\t\t\t\t\t\t\t<p><strong>1. Dades identificatives.<\/strong><\/p>\n<p><span data-sheets-value=\"{\" data-sheets-userformat=\"{\">En compliment amb el deure informaci\u00f3 recollit a l&#8217;article 10 de la Llei 34\/2002, d&#8217;11 de juliol, de Serveis de la Societat de la Informaci\u00f3 i del Comer\u00e7 Electr\u00f2nic, a continuaci\u00f3 es reflecteixen les dades seg\u00fcents: l&#8217;empresa titular de sistemes- catalunya.com ca Sistemes Digitales Corporate, SL, amb domicili a aquests efectes a Pla\u00e7a de la Pau, s\/n, Edif. 3 5a plta, 08940 Cornell\u00e0 de Llobregat n\u00famero de CIF: B62724562 inscrita al Registre Mercantil de la localitat de Barcelona, \u200b\u200bal tom 34.135, foli 129, full n\u00fam. B242575, inscripci\u00f3 1a. Correu electr\u00f2nic de contacte: administracion@sistemas-catalunya.com del lloc web. Tel\u00e8fon de contacte: 93 419 14 76.    <\/span><\/p>\n<p><strong>2. Protecci\u00f3 de dades.<\/strong><\/p>\n<p>Sistemes Digitals Corporate, SL, compleix amb les directrius de la Llei Org\u00e0nica 15\/1999 de 13 de desembre de Protecci\u00f3 de Dades de Car\u00e0cter Personal, el Reial Decret 1720\/2007 de 21 de desembre pel qual s&#8217;aprova el Reglament de desplegament de la Llei Org\u00e0nica i la resta de normativa vigent a cada moment, i vetlla per garantir un correcte \u00fas i tractament de les dades personals de l&#8217;usuari. Per aix\u00f2, juntament amb cada formulari de recollida de dades de car\u00e0cter personal, en els serveis que l&#8217;usuari pugui sol\u00b7licitar a Sistemes Digitals Corporate, far\u00e0 saber a l&#8217;usuari de l&#8217;exist\u00e8ncia i l&#8217;acceptaci\u00f3 de les condicions particulars del tractament de les seves dades en cada cas, informant-vos de la responsabilitat del fitxer creat, l&#8217;adre\u00e7a del responsable, la possibilitat d&#8217;exercir els vostres drets d&#8217;acc\u00e9s, rectificaci\u00f3, cancel\u00b7laci\u00f3 o oposici\u00f3, la finalitat del tractament i les comunicacions de dades a tercers si escau. Aix\u00ed mateix, Sistemes Digitals Corporate, SLinforma que d\u00f3na compliment a la Llei 34\/2002 de 11 de juliol, de Serveis de la Societat de la Informaci\u00f3 i el Comer\u00e7 Electr\u00f2nic i us sol\u00b7licitar\u00e0 el vostre consentiment al tractament del vostre correu electr\u00f2nic amb fins comercials en cada moment .  <\/p>\n<p><strong>3. Propietat intel\u00b7lectual i industrial.<\/strong><\/p>\n<p>Sistemes Digitales Corporate, SL \u00e9s titular de tots els drets de propietat intel\u00b7lectual i industrial de la seva p\u00e0gina web, aix\u00ed com dels elements continguts a la mateixa (a t\u00edtol enunciatiu, imatges, so, \u00e0udio, v\u00eddeo, programari o textos; marques o logotips , combinacions de colors, estructura i disseny, selecci\u00f3 de materials usats, programes d&#8217;ordinador necessaris per al seu funcionament, acc\u00e9s i \u00fas, etc.), titularitat de Sistemes Digitals Corporate, SL, o b\u00e9 dels seus llicenciants. Tots els drets reservats. En virtut del que disposen els articles 8 i 32.1, par\u00e0graf segon, de la Llei de propietat intel\u00b7lectual, queden expressament prohibides la reproducci\u00f3, la distribuci\u00f3 i la comunicaci\u00f3 p\u00fablica, inclosa la seva modalitat de posada a disposici\u00f3, de la totalitat o part dels continguts d&#8217;aquesta p\u00e0gina web, amb finalitats comercials, en qualsevol suport i per qualsevol mitj\u00e0 t\u00e8cnic, sense l&#8217;autoritzaci\u00f3 de Sistemes Digitales Corporate, SL L&#8217;usuari es compromet a respectar els drets de propietat Intel\u00b7lectual i Industrial titularitat de Sistemes Digitals Corporate, SL  <\/p>\n<p><strong>4. Enlla\u00e7os.<\/strong><\/p>\n<p>En cas que a sistemas-catalunya.com es disposessin enlla\u00e7os o hipervincles feia altres llocs d&#8217;Internet, Sistemes Digitals Corporate, SL no exercir\u00e0 cap tipus de control sobre aquests llocs i continguts. En cap cas Sistemas Digitales Corporate, SL assumir\u00e0 cap responsabilitat pels continguts d&#8217;algun enlla\u00e7 pertanyent a un lloc web ali\u00e8. <\/p>\n<p><strong>5. Limitaci\u00f3 de responsabilitat.<\/strong><\/p>\n<p>Sistemes Digitales Corporate, SL no es fa responsable, en cap cas, dels danys i perjudicis de qualsevol naturalesa que poguessin ocasionar, a t\u00edtol enunciatiu, errors o omissions en els continguts, manca de disponibilitat del portal o la transmissi\u00f3 de virus o programes maliciosos o lesius en els continguts, malgrat haver adoptat totes les mesures tecnol\u00f2giques necess\u00e0ries per evitar-ho.<\/p>\n<p><strong>6. Modificacions i actualitzacions.<\/strong><\/p>\n<p>Sistemes Digitales Corporate, SL, es reserva la facultat d&#8217;efectuar, en qualsevol moment i sense necessitat de previ av\u00eds, modificacions i actualitzacions de la informaci\u00f3 continguda a la web, de la configuraci\u00f3, disponibilitat i presentaci\u00f3 d&#8217;aquesta.<\/p>\n\t\t\t\t\t\t\t\t<\/div>\n\t\t\t\t<\/div>\n\t\t\t\t\t<\/div>\n\t\t<\/div>\n\t\t\t\t\t<\/div>\n\t\t<\/section>\n\t\t\t\t<\/div>\n\t\t","protected":false},"excerpt":{"rendered":"<p>Av\u00eds legal 1. Dades identificatives. En compliment amb el deure informaci\u00f3 recollit a l&#8217;article 10 de la Llei 34\/2002, d&#8217;11 de juliol, de Serveis de la Societat de la Informaci\u00f3 i del Comer\u00e7 Electr\u00f2nic, a continuaci\u00f3 es reflecteixen les dades seg\u00fcents: l&#8217;empresa titular de sistemes- catalunya.com ca Sistemes Digitales Corporate, SL, amb domicili a aquests [&hellip;]<\/p>\n","protected":false},"author":7,"featured_media":239538,"parent":0,"menu_order":0,"comment_status":"closed","ping_status":"closed","template":"elementor_header_footer","meta":{"_acf_changed":false,"footnotes":""},"tags":[],"class_list":["post-240429","page","type-page","status-publish","has-post-thumbnail","hentry"],"acf":[],"yoast_head":"<!-- This site is optimized with the Yoast SEO plugin v27.4 - https:\/\/yoast.com\/product\/yoast-seo-wordpress\/ -->\n<title>Av\u00eds legal - Sistemas Digitales<\/title>\n<meta name=\"robots\" content=\"noindex, follow\" \/>\n<meta property=\"og:locale\" content=\"ca_ES\" \/>\n<meta property=\"og:type\" content=\"article\" \/>\n<meta property=\"og:title\" content=\"Av\u00eds legal - Sistemas Digitales\" \/>\n<meta property=\"og:description\" content=\"Av\u00eds legal 1. Dades identificatives. En compliment amb el deure informaci\u00f3 recollit a l&#8217;article 10 de la Llei 34\/2002, d&#8217;11 de juliol, de Serveis de la Societat de la Informaci\u00f3 i del Comer\u00e7 Electr\u00f2nic, a continuaci\u00f3 es reflecteixen les dades seg\u00fcents: l&#8217;empresa titular de sistemes- catalunya.com ca Sistemes Digitales Corporate, SL, amb domicili a aquests [&hellip;]\" \/>\n<meta property=\"og:url\" content=\"https:\/\/www.sistemas-catalunya.com\/ca\/avis-legal\/\" \/>\n<meta property=\"og:site_name\" content=\"Sistemas Digitales\" \/>\n<meta property=\"article:modified_time\" content=\"2024-09-17T13:51:21+00:00\" \/>\n<meta property=\"og:image\" content=\"https:\/\/www.sistemas-catalunya.com\/wp-content\/uploads\/2020\/12\/Cabecera-Contacto.jpg\" \/>\n\t<meta property=\"og:image:width\" content=\"1244\" \/>\n\t<meta property=\"og:image:height\" content=\"535\" \/>\n\t<meta property=\"og:image:type\" content=\"image\/jpeg\" \/>\n<meta name=\"twitter:card\" content=\"summary_large_image\" \/>\n<meta name=\"twitter:label1\" content=\"Temps estimat de lectura\" \/>\n\t<meta name=\"twitter:data1\" content=\"3 minuts\" \/>\n<script type=\"application\/ld+json\" class=\"yoast-schema-graph\">{\"@context\":\"https:\\\/\\\/schema.org\",\"@graph\":[{\"@type\":\"WebPage\",\"@id\":\"https:\\\/\\\/www.sistemas-catalunya.com\\\/ca\\\/avis-legal\\\/\",\"url\":\"https:\\\/\\\/www.sistemas-catalunya.com\\\/ca\\\/avis-legal\\\/\",\"name\":\"Av\u00eds legal - Sistemas Digitales\",\"isPartOf\":{\"@id\":\"https:\\\/\\\/www.sistemas-catalunya.com\\\/ca\\\/#website\"},\"primaryImageOfPage\":{\"@id\":\"https:\\\/\\\/www.sistemas-catalunya.com\\\/ca\\\/avis-legal\\\/#primaryimage\"},\"image\":{\"@id\":\"https:\\\/\\\/www.sistemas-catalunya.com\\\/ca\\\/avis-legal\\\/#primaryimage\"},\"thumbnailUrl\":\"https:\\\/\\\/www.sistemas-catalunya.com\\\/wp-content\\\/uploads\\\/2020\\\/12\\\/Cabecera-Contacto.jpg\",\"datePublished\":\"2020-12-10T11:25:30+00:00\",\"dateModified\":\"2024-09-17T13:51:21+00:00\",\"breadcrumb\":{\"@id\":\"https:\\\/\\\/www.sistemas-catalunya.com\\\/ca\\\/avis-legal\\\/#breadcrumb\"},\"inLanguage\":\"ca\",\"potentialAction\":[{\"@type\":\"ReadAction\",\"target\":[\"https:\\\/\\\/www.sistemas-catalunya.com\\\/ca\\\/avis-legal\\\/\"]}]},{\"@type\":\"ImageObject\",\"inLanguage\":\"ca\",\"@id\":\"https:\\\/\\\/www.sistemas-catalunya.com\\\/ca\\\/avis-legal\\\/#primaryimage\",\"url\":\"https:\\\/\\\/www.sistemas-catalunya.com\\\/wp-content\\\/uploads\\\/2020\\\/12\\\/Cabecera-Contacto.jpg\",\"contentUrl\":\"https:\\\/\\\/www.sistemas-catalunya.com\\\/wp-content\\\/uploads\\\/2020\\\/12\\\/Cabecera-Contacto.jpg\",\"width\":1244,\"height\":535,\"caption\":\"Cabecera Contacto\"},{\"@type\":\"BreadcrumbList\",\"@id\":\"https:\\\/\\\/www.sistemas-catalunya.com\\\/ca\\\/avis-legal\\\/#breadcrumb\",\"itemListElement\":[{\"@type\":\"ListItem\",\"position\":1,\"name\":\"Sistemas Catalunya\",\"item\":\"https:\\\/\\\/www.sistemas-catalunya.com\\\/ca\\\/\"},{\"@type\":\"ListItem\",\"position\":2,\"name\":\"Av\u00eds legal\"}]},{\"@type\":\"WebSite\",\"@id\":\"https:\\\/\\\/www.sistemas-catalunya.com\\\/ca\\\/#website\",\"url\":\"https:\\\/\\\/www.sistemas-catalunya.com\\\/ca\\\/\",\"name\":\"Sistemas Digitales\",\"description\":\"Renting de Impresoras y Fotocopiadoras ...\",\"potentialAction\":[{\"@type\":\"SearchAction\",\"target\":{\"@type\":\"EntryPoint\",\"urlTemplate\":\"https:\\\/\\\/www.sistemas-catalunya.com\\\/ca\\\/?s={search_term_string}\"},\"query-input\":{\"@type\":\"PropertyValueSpecification\",\"valueRequired\":true,\"valueName\":\"search_term_string\"}}],\"inLanguage\":\"ca\"}]}<\/script>\n<!-- \/ Yoast SEO plugin. -->","yoast_head_json":{"title":"Av\u00eds legal - Sistemas Digitales","robots":{"index":"noindex","follow":"follow"},"og_locale":"ca_ES","og_type":"article","og_title":"Av\u00eds legal - Sistemas Digitales","og_description":"Av\u00eds legal 1. Dades identificatives. En compliment amb el deure informaci\u00f3 recollit a l&#8217;article 10 de la Llei 34\/2002, d&#8217;11 de juliol, de Serveis de la Societat de la Informaci\u00f3 i del Comer\u00e7 Electr\u00f2nic, a continuaci\u00f3 es reflecteixen les dades seg\u00fcents: l&#8217;empresa titular de sistemes- catalunya.com ca Sistemes Digitales Corporate, SL, amb domicili a aquests [&hellip;]","og_url":"https:\/\/www.sistemas-catalunya.com\/ca\/avis-legal\/","og_site_name":"Sistemas Digitales","article_modified_time":"2024-09-17T13:51:21+00:00","og_image":[{"width":1244,"height":535,"url":"https:\/\/www.sistemas-catalunya.com\/wp-content\/uploads\/2020\/12\/Cabecera-Contacto.jpg","type":"image\/jpeg"}],"twitter_card":"summary_large_image","twitter_misc":{"Temps estimat de lectura":"3 minuts"},"schema":{"@context":"https:\/\/schema.org","@graph":[{"@type":"WebPage","@id":"https:\/\/www.sistemas-catalunya.com\/ca\/avis-legal\/","url":"https:\/\/www.sistemas-catalunya.com\/ca\/avis-legal\/","name":"Av\u00eds legal - Sistemas Digitales","isPartOf":{"@id":"https:\/\/www.sistemas-catalunya.com\/ca\/#website"},"primaryImageOfPage":{"@id":"https:\/\/www.sistemas-catalunya.com\/ca\/avis-legal\/#primaryimage"},"image":{"@id":"https:\/\/www.sistemas-catalunya.com\/ca\/avis-legal\/#primaryimage"},"thumbnailUrl":"https:\/\/www.sistemas-catalunya.com\/wp-content\/uploads\/2020\/12\/Cabecera-Contacto.jpg","datePublished":"2020-12-10T11:25:30+00:00","dateModified":"2024-09-17T13:51:21+00:00","breadcrumb":{"@id":"https:\/\/www.sistemas-catalunya.com\/ca\/avis-legal\/#breadcrumb"},"inLanguage":"ca","potentialAction":[{"@type":"ReadAction","target":["https:\/\/www.sistemas-catalunya.com\/ca\/avis-legal\/"]}]},{"@type":"ImageObject","inLanguage":"ca","@id":"https:\/\/www.sistemas-catalunya.com\/ca\/avis-legal\/#primaryimage","url":"https:\/\/www.sistemas-catalunya.com\/wp-content\/uploads\/2020\/12\/Cabecera-Contacto.jpg","contentUrl":"https:\/\/www.sistemas-catalunya.com\/wp-content\/uploads\/2020\/12\/Cabecera-Contacto.jpg","width":1244,"height":535,"caption":"Cabecera Contacto"},{"@type":"BreadcrumbList","@id":"https:\/\/www.sistemas-catalunya.com\/ca\/avis-legal\/#breadcrumb","itemListElement":[{"@type":"ListItem","position":1,"name":"Sistemas Catalunya","item":"https:\/\/www.sistemas-catalunya.com\/ca\/"},{"@type":"ListItem","position":2,"name":"Av\u00eds legal"}]},{"@type":"WebSite","@id":"https:\/\/www.sistemas-catalunya.com\/ca\/#website","url":"https:\/\/www.sistemas-catalunya.com\/ca\/","name":"Sistemas Digitales","description":"Renting de Impresoras y Fotocopiadoras ...","potentialAction":[{"@type":"SearchAction","target":{"@type":"EntryPoint","urlTemplate":"https:\/\/www.sistemas-catalunya.com\/ca\/?s={search_term_string}"},"query-input":{"@type":"PropertyValueSpecification","valueRequired":true,"valueName":"search_term_string"}}],"inLanguage":"ca"}]}},"_links":{"self":[{"href":"https:\/\/www.sistemas-catalunya.com\/ca\/wp-json\/wp\/v2\/pages\/240429","targetHints":{"allow":["GET"]}}],"collection":[{"href":"https:\/\/www.sistemas-catalunya.com\/ca\/wp-json\/wp\/v2\/pages"}],"about":[{"href":"https:\/\/www.sistemas-catalunya.com\/ca\/wp-json\/wp\/v2\/types\/page"}],"author":[{"embeddable":true,"href":"https:\/\/www.sistemas-catalunya.com\/ca\/wp-json\/wp\/v2\/users\/7"}],"replies":[{"embeddable":true,"href":"https:\/\/www.sistemas-catalunya.com\/ca\/wp-json\/wp\/v2\/comments?post=240429"}],"version-history":[{"count":2,"href":"https:\/\/www.sistemas-catalunya.com\/ca\/wp-json\/wp\/v2\/pages\/240429\/revisions"}],"predecessor-version":[{"id":263713,"href":"https:\/\/www.sistemas-catalunya.com\/ca\/wp-json\/wp\/v2\/pages\/240429\/revisions\/263713"}],"wp:featuredmedia":[{"embeddable":true,"href":"https:\/\/www.sistemas-catalunya.com\/ca\/wp-json\/wp\/v2\/media\/239538"}],"wp:attachment":[{"href":"https:\/\/www.sistemas-catalunya.com\/ca\/wp-json\/wp\/v2\/media?parent=240429"}],"wp:term":[{"taxonomy":"post_tag","embeddable":true,"href":"https:\/\/www.sistemas-catalunya.com\/ca\/wp-json\/wp\/v2\/tags?post=240429"}],"curies":[{"name":"wp","href":"https:\/\/api.w.org\/{rel}","templated":true}]}}