{"id":270093,"date":"2025-07-21T11:16:05","date_gmt":"2025-07-21T10:16:05","guid":{"rendered":"https:\/\/www.sistemas-catalunya.com\/renting-impresoras-2\/renting-impressores-a-color\/"},"modified":"2025-07-21T23:15:32","modified_gmt":"2025-07-21T22:15:32","slug":"renting-impressores-a-color","status":"publish","type":"renting-impresoras","link":"https:\/\/www.sistemas-catalunya.com\/ca\/renting-impresoras\/renting-impressores-a-color\/","title":{"rendered":"R\u00e8nting impressores a Color"},"content":{"rendered":"\n<p><\/p>\n\n<div class=\"wp-block-columns is-layout-flex wp-container-core-columns-is-layout-28f84493 wp-block-columns-is-layout-flex\">\n<div class=\"wp-block-column is-layout-flow wp-block-column-is-layout-flow\">\n<h2 class=\"wp-block-heading has-text-align-center\">R\u00c8NTING IMPRESSORES A COLOR<\/h2>\n\n\n\n<p class=\"has-text-align-center\">Qualsevol aut\u00f2nom o qualsevol pime pot gaudir de les funcionalitats duna impressora l\u00e0ser color d\u00faltima generaci\u00f3 pagant nom\u00e9s pel temps i el volum dimpressi\u00f3 que necessiti amb un contracte de <strong>lloguer impressores color.<\/strong><\/p>\n\n\n\n<p class=\"has-text-align-center\">Vols saber com funcionen els serveis de <strong>lloguer d&#8217;impressores l\u00e0ser color<\/strong> i <strong>r\u00e8nting d&#8217;impressores a color<\/strong> ? Endavant! <\/p>\n<\/div>\n<\/div>\n\n<div style=\"height:50px\" aria-hidden=\"true\" class=\"wp-block-spacer\"><\/div>\n\n<div class=\"wp-block-columns is-layout-flex wp-container-core-columns-is-layout-28f84493 wp-block-columns-is-layout-flex\">\n<div class=\"wp-block-column is-vertically-aligned-center is-layout-flow wp-block-column-is-layout-flow\">\n<h2 class=\"wp-block-heading\">Lloguer d&#8217;impressores l\u00e0ser color<\/h2>\n\n\n\n<p>El lloguer d&#8217;impressores l\u00e0ser color \u00e9s un servei en qu\u00e8 l&#8217;empresa prove\u00efdora instal\u00b7la l&#8217;equip al teu negoci, s&#8217;encarrega dels consumibles que necessites i retira el dispositiu un cop finalitzi el termini acordat.<br\/><br\/> D&#8217;aquesta manera podeu solucionar una demanda puntual de treball o donar servei a un esdeveniment com una reuni\u00f3, un congr\u00e9s o un seminari de professionals d&#8217;una determinada especialitat.<\/p>\n<\/div>\n\n\n\n<div class=\"wp-block-column is-layout-flow wp-block-column-is-layout-flow\">\n<figure class=\"wp-block-image has-custom-border\"><a href=\"https:\/\/www.sistemas-catalunya.com\/ca\/cat-producto\/impressores-multifuncionals\/\"><img decoding=\"async\" src=\"https:\/\/www.sistemas-catalunya.com\/wp-content\/uploads\/2021\/10\/sistemas-digitales-Impresora-multifuncional-ricoh.jpg\" alt=\"sistemes-digitals-Impressora-multifuncional-ricoh\" style=\"border-radius:10px\"\/><\/a><\/figure>\n<\/div>\n<\/div>\n\n<div style=\"height:50px\" aria-hidden=\"true\" class=\"wp-block-spacer\"><\/div>\n\n<div class=\"wp-block-columns is-layout-flex wp-container-core-columns-is-layout-28f84493 wp-block-columns-is-layout-flex\">\n<div class=\"wp-block-column is-layout-flow wp-block-column-is-layout-flow\">\n<figure class=\"wp-block-image size-full has-custom-border\"><img fetchpriority=\"high\" decoding=\"async\" width=\"611\" height=\"423\" src=\"https:\/\/www.sistemas-catalunya.com\/wp-content\/uploads\/image.png\" alt=\"\" class=\"wp-image-268989\" style=\"border-radius:10px\" srcset=\"https:\/\/www.sistemas-catalunya.com\/wp-content\/uploads\/image.png 611w, https:\/\/www.sistemas-catalunya.com\/wp-content\/uploads\/image-300x208.png 300w, https:\/\/www.sistemas-catalunya.com\/wp-content\/uploads\/image-600x415.png 600w\" sizes=\"(max-width: 611px) 100vw, 611px\" \/><\/figure>\n<\/div>\n\n\n\n<div class=\"wp-block-column is-vertically-aligned-center is-layout-flow wp-block-column-is-layout-flow\">\n<h2 class=\"wp-block-heading\">R\u00e8nting d&#8217;impressores a color.<\/h2>\n\n\n\n<p>A m\u00e9s del lloguer impressora l\u00e0ser color tens a la teva disposici\u00f3 un servei mitjan\u00e7ant el qual pots utilitzar sense limitaci\u00f3 una impressora a color d&#8217;\u00faltima generaci\u00f3 i decidir si t&#8217;hi quedes o la canvies per una de nova quan expiri el per\u00edode de contractaci\u00f3.<br\/><br\/>Es tracta del servei d&#8217;impressores a color en r\u00e8nting. L&#8217;empresa prove\u00efdora s&#8217;encarrega tant de la posada en marxa com de la recollida de l&#8217;equip, i ofereix suport t\u00e8cnic al client per solucionar qualsevol incid\u00e8ncia amb efic\u00e0cia i agilitat. <br\/><br\/>Les impressores a color en r\u00e8nting solen incloure tamb\u00e9 als serveis els consumibles, cosa que et pot ajudar a controlar les despeses de manera m\u00e9s precisa<\/p>\n\n\n\n<div class=\"wp-block-buttons #contacto is-layout-flex wp-block-buttons-is-layout-flex\">\n<div class=\"wp-block-button\"><a class=\"wp-block-button__link has-white-color has-vivid-red-background-color has-text-color has-background has-link-color has-small-font-size has-custom-font-size wp-element-button\" rel=\"https:\/\/www.sistemas-catalunya.com\/cat-producto\/impresoras\/\">DESCOBREIX M\u00c9S<\/a><\/div>\n<\/div>\n<\/div>\n<\/div>\n\n<div style=\"height:50px\" aria-hidden=\"true\" class=\"wp-block-spacer\"><\/div>\n\n<div style=\"height:50px\" aria-hidden=\"true\" class=\"wp-block-spacer\"><\/div>\n\n<div style=\"height:20px\" aria-hidden=\"true\" class=\"wp-block-spacer\"><\/div>\n\n<div style=\"height:50px\" aria-hidden=\"true\" class=\"wp-block-spacer\"><\/div>\n\n<iframe src=\"https:\/\/www.google.com\/maps\/embed?pb=!1m18!1m12!1m3!1d765917.0629178677!2d0.43226546120900666!3d41.42048108847498!2m3!1f0!2f0!3f0!3m2!1i1024!2i768!4f13.1!3m3!1m2!1s0x12a499481b8427bf%3A0xa97a5ec3617b17d9!2sDistribuidor%20Ricoh%20Barcelona%20y%20renting%20de%20impresoras%20%7C%20Sistemas%20Digitales%20de%20Catalunya!5e0!3m2!1ses!2ses!4v1752830408406!5m2!1ses!2ses\" width=\"600\" height=\"450\" style=\"border:0;\" allowfullscreen=\"\" loading=\"lazy\" referrerpolicy=\"no-referrer-when-downgrade\"><\/iframe>\n","protected":false},"parent":0,"menu_order":0,"template":"","class_list":["post-270093","renting-impresoras","type-renting-impresoras","status-publish","hentry"],"acf":[],"yoast_head":"<!-- This site is optimized with the Yoast SEO plugin v27.4 - https:\/\/yoast.com\/product\/yoast-seo-wordpress\/ -->\n<title>R\u00e8nting impressores a Color  Sistemas Digitales<\/title>\n<meta name=\"robots\" content=\"index, follow, max-snippet:-1, max-image-preview:large, max-video-preview:-1\" \/>\n<link rel=\"canonical\" href=\"https:\/\/www.sistemas-catalunya.com\/ca\/renting-impresoras\/renting-impressores-a-color\/\" \/>\n<meta property=\"og:locale\" content=\"ca_ES\" \/>\n<meta property=\"og:type\" content=\"article\" \/>\n<meta property=\"og:title\" content=\"R\u00e8nting impressores a Color  Sistemas Digitales\" \/>\n<meta property=\"og:description\" content=\"R\u00c8NTING IMPRESSORES A COLOR Qualsevol aut\u00f2nom o qualsevol pime pot gaudir de les funcionalitats duna impressora l\u00e0ser color d\u00faltima generaci\u00f3 pagant nom\u00e9s pel temps i el volum dimpressi\u00f3 que necessiti amb un contracte de lloguer impressores color. Vols saber com funcionen els serveis de lloguer d&#8217;impressores l\u00e0ser color i r\u00e8nting d&#8217;impressores a color ? Endavant! [&hellip;]\" \/>\n<meta property=\"og:url\" content=\"https:\/\/www.sistemas-catalunya.com\/ca\/renting-impresoras\/renting-impressores-a-color\/\" \/>\n<meta property=\"og:site_name\" content=\"Sistemas Digitales\" \/>\n<meta property=\"article:modified_time\" content=\"2025-07-21T22:15:32+00:00\" \/>\n<meta property=\"og:image\" content=\"https:\/\/www.sistemas-catalunya.com\/wp-content\/uploads\/2021\/10\/sistemas-digitales-Impresora-multifuncional-ricoh.jpg\" \/>\n<meta name=\"twitter:card\" content=\"summary_large_image\" \/>\n<meta name=\"twitter:label1\" content=\"Temps estimat de lectura\" \/>\n\t<meta name=\"twitter:data1\" content=\"1 minut\" \/>\n<script type=\"application\/ld+json\" class=\"yoast-schema-graph\">{\"@context\":\"https:\\\/\\\/schema.org\",\"@graph\":[{\"@type\":\"WebPage\",\"@id\":\"https:\\\/\\\/www.sistemas-catalunya.com\\\/ca\\\/renting-impresoras\\\/renting-impressores-a-color\\\/\",\"url\":\"https:\\\/\\\/www.sistemas-catalunya.com\\\/ca\\\/renting-impresoras\\\/renting-impressores-a-color\\\/\",\"name\":\"R\u00e8nting impressores a Color Sistemas Digitales\",\"isPartOf\":{\"@id\":\"https:\\\/\\\/www.sistemas-catalunya.com\\\/ca\\\/#website\"},\"primaryImageOfPage\":{\"@id\":\"https:\\\/\\\/www.sistemas-catalunya.com\\\/ca\\\/renting-impresoras\\\/renting-impressores-a-color\\\/#primaryimage\"},\"image\":{\"@id\":\"https:\\\/\\\/www.sistemas-catalunya.com\\\/ca\\\/renting-impresoras\\\/renting-impressores-a-color\\\/#primaryimage\"},\"thumbnailUrl\":\"https:\\\/\\\/www.sistemas-catalunya.com\\\/wp-content\\\/uploads\\\/2021\\\/10\\\/sistemas-digitales-Impresora-multifuncional-ricoh.jpg\",\"datePublished\":\"2025-07-21T10:16:05+00:00\",\"dateModified\":\"2025-07-21T22:15:32+00:00\",\"breadcrumb\":{\"@id\":\"https:\\\/\\\/www.sistemas-catalunya.com\\\/ca\\\/renting-impresoras\\\/renting-impressores-a-color\\\/#breadcrumb\"},\"inLanguage\":\"ca\",\"potentialAction\":[{\"@type\":\"ReadAction\",\"target\":[\"https:\\\/\\\/www.sistemas-catalunya.com\\\/ca\\\/renting-impresoras\\\/renting-impressores-a-color\\\/\"]}]},{\"@type\":\"ImageObject\",\"inLanguage\":\"ca\",\"@id\":\"https:\\\/\\\/www.sistemas-catalunya.com\\\/ca\\\/renting-impresoras\\\/renting-impressores-a-color\\\/#primaryimage\",\"url\":\"https:\\\/\\\/www.sistemas-catalunya.com\\\/wp-content\\\/uploads\\\/2021\\\/10\\\/sistemas-digitales-Impresora-multifuncional-ricoh.jpg\",\"contentUrl\":\"https:\\\/\\\/www.sistemas-catalunya.com\\\/wp-content\\\/uploads\\\/2021\\\/10\\\/sistemas-digitales-Impresora-multifuncional-ricoh.jpg\"},{\"@type\":\"BreadcrumbList\",\"@id\":\"https:\\\/\\\/www.sistemas-catalunya.com\\\/ca\\\/renting-impresoras\\\/renting-impressores-a-color\\\/#breadcrumb\",\"itemListElement\":[{\"@type\":\"ListItem\",\"position\":1,\"name\":\"Sistemas Catalunya\",\"item\":\"https:\\\/\\\/www.sistemas-catalunya.com\\\/ca\\\/\"},{\"@type\":\"ListItem\",\"position\":2,\"name\":\"Lloguer d'impressores\",\"item\":\"https:\\\/\\\/www.sistemas-catalunya.com\\\/ca\\\/renting-impresoras\\\/\"},{\"@type\":\"ListItem\",\"position\":3,\"name\":\"R\u00e8nting impressores a Color\"}]},{\"@type\":\"WebSite\",\"@id\":\"https:\\\/\\\/www.sistemas-catalunya.com\\\/ca\\\/#website\",\"url\":\"https:\\\/\\\/www.sistemas-catalunya.com\\\/ca\\\/\",\"name\":\"Sistemas Digitales\",\"description\":\"Renting de Impresoras y Fotocopiadoras ...\",\"potentialAction\":[{\"@type\":\"SearchAction\",\"target\":{\"@type\":\"EntryPoint\",\"urlTemplate\":\"https:\\\/\\\/www.sistemas-catalunya.com\\\/ca\\\/?s={search_term_string}\"},\"query-input\":{\"@type\":\"PropertyValueSpecification\",\"valueRequired\":true,\"valueName\":\"search_term_string\"}}],\"inLanguage\":\"ca\"}]}<\/script>\n<!-- \/ Yoast SEO plugin. -->","yoast_head_json":{"title":"R\u00e8nting impressores a Color  Sistemas Digitales","robots":{"index":"index","follow":"follow","max-snippet":"max-snippet:-1","max-image-preview":"max-image-preview:large","max-video-preview":"max-video-preview:-1"},"canonical":"https:\/\/www.sistemas-catalunya.com\/ca\/renting-impresoras\/renting-impressores-a-color\/","og_locale":"ca_ES","og_type":"article","og_title":"R\u00e8nting impressores a Color  Sistemas Digitales","og_description":"R\u00c8NTING IMPRESSORES A COLOR Qualsevol aut\u00f2nom o qualsevol pime pot gaudir de les funcionalitats duna impressora l\u00e0ser color d\u00faltima generaci\u00f3 pagant nom\u00e9s pel temps i el volum dimpressi\u00f3 que necessiti amb un contracte de lloguer impressores color. Vols saber com funcionen els serveis de lloguer d&#8217;impressores l\u00e0ser color i r\u00e8nting d&#8217;impressores a color ? Endavant! [&hellip;]","og_url":"https:\/\/www.sistemas-catalunya.com\/ca\/renting-impresoras\/renting-impressores-a-color\/","og_site_name":"Sistemas Digitales","article_modified_time":"2025-07-21T22:15:32+00:00","og_image":[{"url":"https:\/\/www.sistemas-catalunya.com\/wp-content\/uploads\/2021\/10\/sistemas-digitales-Impresora-multifuncional-ricoh.jpg","type":"","width":"","height":""}],"twitter_card":"summary_large_image","twitter_misc":{"Temps estimat de lectura":"1 minut"},"schema":{"@context":"https:\/\/schema.org","@graph":[{"@type":"WebPage","@id":"https:\/\/www.sistemas-catalunya.com\/ca\/renting-impresoras\/renting-impressores-a-color\/","url":"https:\/\/www.sistemas-catalunya.com\/ca\/renting-impresoras\/renting-impressores-a-color\/","name":"R\u00e8nting impressores a Color Sistemas Digitales","isPartOf":{"@id":"https:\/\/www.sistemas-catalunya.com\/ca\/#website"},"primaryImageOfPage":{"@id":"https:\/\/www.sistemas-catalunya.com\/ca\/renting-impresoras\/renting-impressores-a-color\/#primaryimage"},"image":{"@id":"https:\/\/www.sistemas-catalunya.com\/ca\/renting-impresoras\/renting-impressores-a-color\/#primaryimage"},"thumbnailUrl":"https:\/\/www.sistemas-catalunya.com\/wp-content\/uploads\/2021\/10\/sistemas-digitales-Impresora-multifuncional-ricoh.jpg","datePublished":"2025-07-21T10:16:05+00:00","dateModified":"2025-07-21T22:15:32+00:00","breadcrumb":{"@id":"https:\/\/www.sistemas-catalunya.com\/ca\/renting-impresoras\/renting-impressores-a-color\/#breadcrumb"},"inLanguage":"ca","potentialAction":[{"@type":"ReadAction","target":["https:\/\/www.sistemas-catalunya.com\/ca\/renting-impresoras\/renting-impressores-a-color\/"]}]},{"@type":"ImageObject","inLanguage":"ca","@id":"https:\/\/www.sistemas-catalunya.com\/ca\/renting-impresoras\/renting-impressores-a-color\/#primaryimage","url":"https:\/\/www.sistemas-catalunya.com\/wp-content\/uploads\/2021\/10\/sistemas-digitales-Impresora-multifuncional-ricoh.jpg","contentUrl":"https:\/\/www.sistemas-catalunya.com\/wp-content\/uploads\/2021\/10\/sistemas-digitales-Impresora-multifuncional-ricoh.jpg"},{"@type":"BreadcrumbList","@id":"https:\/\/www.sistemas-catalunya.com\/ca\/renting-impresoras\/renting-impressores-a-color\/#breadcrumb","itemListElement":[{"@type":"ListItem","position":1,"name":"Sistemas Catalunya","item":"https:\/\/www.sistemas-catalunya.com\/ca\/"},{"@type":"ListItem","position":2,"name":"Lloguer d'impressores","item":"https:\/\/www.sistemas-catalunya.com\/ca\/renting-impresoras\/"},{"@type":"ListItem","position":3,"name":"R\u00e8nting impressores a Color"}]},{"@type":"WebSite","@id":"https:\/\/www.sistemas-catalunya.com\/ca\/#website","url":"https:\/\/www.sistemas-catalunya.com\/ca\/","name":"Sistemas Digitales","description":"Renting de Impresoras y Fotocopiadoras ...","potentialAction":[{"@type":"SearchAction","target":{"@type":"EntryPoint","urlTemplate":"https:\/\/www.sistemas-catalunya.com\/ca\/?s={search_term_string}"},"query-input":{"@type":"PropertyValueSpecification","valueRequired":true,"valueName":"search_term_string"}}],"inLanguage":"ca"}]}},"_links":{"self":[{"href":"https:\/\/www.sistemas-catalunya.com\/ca\/wp-json\/wp\/v2\/renting-impresoras\/270093","targetHints":{"allow":["GET"]}}],"collection":[{"href":"https:\/\/www.sistemas-catalunya.com\/ca\/wp-json\/wp\/v2\/renting-impresoras"}],"about":[{"href":"https:\/\/www.sistemas-catalunya.com\/ca\/wp-json\/wp\/v2\/types\/renting-impresoras"}],"version-history":[{"count":1,"href":"https:\/\/www.sistemas-catalunya.com\/ca\/wp-json\/wp\/v2\/renting-impresoras\/270093\/revisions"}],"predecessor-version":[{"id":270094,"href":"https:\/\/www.sistemas-catalunya.com\/ca\/wp-json\/wp\/v2\/renting-impresoras\/270093\/revisions\/270094"}],"wp:attachment":[{"href":"https:\/\/www.sistemas-catalunya.com\/ca\/wp-json\/wp\/v2\/media?parent=270093"}],"curies":[{"name":"wp","href":"https:\/\/api.w.org\/{rel}","templated":true}]}}