{"id":270118,"date":"2025-07-21T11:31:25","date_gmt":"2025-07-21T10:31:25","guid":{"rendered":"https:\/\/www.sistemas-catalunya.com\/renting-impresoras-2\/renting-impressores-blanes\/"},"modified":"2025-07-21T23:15:18","modified_gmt":"2025-07-21T22:15:18","slug":"renting-impressores-blanes","status":"publish","type":"renting-impresoras","link":"https:\/\/www.sistemas-catalunya.com\/ca\/renting-impresoras\/renting-impressores-blanes\/","title":{"rendered":"R\u00e8nting Impressores Blanes"},"content":{"rendered":"\n<p><\/p>\n\n<div class=\"wp-block-columns is-layout-flex wp-container-core-columns-is-layout-28f84493 wp-block-columns-is-layout-flex\">\n<div class=\"wp-block-column is-layout-flow wp-block-column-is-layout-flow\">\n<h2 class=\"wp-block-heading has-text-align-center\">LLOGUER IMPRESSORES BLANES<\/h2>\n\n\n\n<p class=\"has-text-align-center\">A l&#8217;era digital en qu\u00e8 vivim, la necessitat de comptar amb eines i equips tecnol\u00f2gics eficients \u00e9s essencial. Les empreses cerquen constantment maneres d&#8217;optimitzar els seus recursos i obtenir el m\u00e0xim rendiment de les seves inversions.   <\/p>\n\n\n\n<p class=\"has-text-align-center\">En aquesta ocasi\u00f3, destaquem una opci\u00f3 que ha guanyat popularitat: el <strong>r\u00e8nting impressora a Blanes<\/strong> . I a Sistemes Digitals, portem d\u00e8cades perfeccionant aquesta soluci\u00f3 per als nostres clients. <\/p>\n<\/div>\n<\/div>\n\n<div style=\"height:50px\" aria-hidden=\"true\" class=\"wp-block-spacer\"><\/div>\n\n<div class=\"wp-block-columns is-layout-flex wp-container-core-columns-is-layout-28f84493 wp-block-columns-is-layout-flex\">\n<div class=\"wp-block-column is-vertically-aligned-center is-layout-flow wp-block-column-is-layout-flow\">\n<h2 class=\"wp-block-heading\">\u00bf QU\u00c8 \u00c9S EL R\u00c8NTING D&#8217;IMPRESSORES I PER QU\u00c8 \u00c9S TAN RELLEVANT?<\/h2>\n\n\n\n<p>El r\u00e8nting d&#8217;impressores no \u00e9s res m\u00e9s que el lloguer a llarg termini d&#8217;aquests equips on, per una quota mensual fixa, les empreses poden disposar d&#8217;impressores d&#8217;\u00faltima generaci\u00f3 sense adquirir-les en propietat.  <\/p>\n\n\n\n<p>Aquesta modalitat comporta avantatges significatius com l&#8217;actualitzaci\u00f3 cont\u00ednua de l&#8217;equip, el manteniment incl\u00f2s i l&#8217;adaptabilitat a les necessitats canviants de l&#8217;empresa.<\/p>\n<\/div>\n\n\n\n<div class=\"wp-block-column is-layout-flow wp-block-column-is-layout-flow\">\n<figure class=\"wp-block-image has-custom-border\"><a href=\"https:\/\/www.sistemas-catalunya.com\/ca\/cat-producto\/impressores-multifuncionals\/\"><img decoding=\"async\" src=\"https:\/\/www.sistemas-catalunya.com\/wp-content\/uploads\/2021\/10\/sistemas-digitales-Impresora-multifuncional-ricoh.jpg\" alt=\"sistemes-digitals-Impressora-multifuncional-ricoh\" style=\"border-radius:10px\"\/><\/a><\/figure>\n<\/div>\n<\/div>\n\n<div style=\"height:50px\" aria-hidden=\"true\" class=\"wp-block-spacer\"><\/div>\n\n<div class=\"wp-block-columns is-layout-flex wp-container-core-columns-is-layout-28f84493 wp-block-columns-is-layout-flex\">\n<div class=\"wp-block-column is-layout-flow wp-block-column-is-layout-flow\">\n<figure class=\"wp-block-image size-full has-custom-border\"><img fetchpriority=\"high\" decoding=\"async\" width=\"611\" height=\"423\" src=\"https:\/\/www.sistemas-catalunya.com\/wp-content\/uploads\/image.png\" alt=\"\" class=\"wp-image-268989\" style=\"border-radius:10px\" srcset=\"https:\/\/www.sistemas-catalunya.com\/wp-content\/uploads\/image.png 611w, https:\/\/www.sistemas-catalunya.com\/wp-content\/uploads\/image-300x208.png 300w, https:\/\/www.sistemas-catalunya.com\/wp-content\/uploads\/image-600x415.png 600w\" sizes=\"(max-width: 611px) 100vw, 611px\" \/><\/figure>\n<\/div>\n\n\n\n<div class=\"wp-block-column is-vertically-aligned-center is-layout-flow wp-block-column-is-layout-flow\">\n<h2 class=\"wp-block-heading\">SISTEMES DIGITALS I LA NOSTRA EXPERI\u00c8NCIA EN R\u00c8NTING D&#8217;IMPRESSORES<\/h2>\n\n\n\n<p>Amb m\u00e9s de 35 anys al mercat, hem estat testimonis i part\u00edcips de l&#8217;evoluci\u00f3 de les solucions digitals. La nostra \u00e0mplia traject\u00f2ria ens permet oferir un servei de r\u00e8nting que s&#8217;adapti a les particularitats de cada client. A m\u00e9s, com a distribu\u00efdors N\u00ba1 de la marca RICOH a Europa, garantim equips d&#8217;impressi\u00f3 de la m\u00e9s alta qualitat i rendiment.  <\/p>\n\n\n\n<div class=\"wp-block-buttons #contacto is-layout-flex wp-block-buttons-is-layout-flex\">\n<div class=\"wp-block-button\"><a class=\"wp-block-button__link has-white-color has-vivid-red-background-color has-text-color has-background has-link-color has-small-font-size has-custom-font-size wp-element-button\" href=\"#contacto\" rel=\"https:\/\/www.sistemas-catalunya.com\/cat-producto\/impresoras\/\">DESCOBREIX M\u00c9S<\/a><\/div>\n<\/div>\n<\/div>\n<\/div>\n\n<div style=\"height:50px\" aria-hidden=\"true\" class=\"wp-block-spacer\"><\/div>\n\n<h2 class=\"wp-block-heading\">Per qu\u00e8 Blanes \u00e9s un punt estrat\u00e8gic per al r\u00e8nting d&#8217;impressores?<\/h2>\n\n<p>Blanes, amb el seu dinamisme empresarial, es presenta com un escenari ideal per adoptar solucions innovadores. Les empreses de la zona busquen optimitzar-ne les operacions, i el r\u00e8nting d&#8217;impressores s&#8217;alinea amb aquesta visi\u00f3 progressista.   <\/p>\n\n<p>Com que \u00e9s un servei localitzat a Blanes, garantim una resposta r\u00e0pida i personalitzada, assegurant que les necessitats dels nostres clients siguin ateses amb promptitud i professionalisme.<\/p>\n\n<h2 class=\"wp-block-heading\">Sistemes Digitals: El teu millor aliat en r\u00e8nting d&#8217;impressora a Blanes<\/h2>\n\n<p>En un m\u00f3n en constant evoluci\u00f3 tecnol\u00f2gica, les empreses necessiten aliats que els ofereixin solucions adaptades a les necessitats. El r\u00e8nting d&#8217;impressores \u00e9s m\u00e9s que una simple tend\u00e8ncia; \u00e9s una resposta a les demandes del mercat actual. <\/p>\n\n<p>  A Sistemes Digitals, estem compromesos amb l&#8217;excel\u00b7l\u00e8ncia i amb oferir als nostres clients de Blanes i rodalies les eines que necessiten per triomfar. Poseu-vos en contacte amb nosaltres per con\u00e8ixer m\u00e9s sobre el nostre servei de r\u00e8nting d&#8217;impressores i trobar la millor soluci\u00f3 per a les teves necessitats empresarials. <\/p>\n\n<div style=\"height:50px\" aria-hidden=\"true\" class=\"wp-block-spacer\"><\/div>\n\n<div style=\"height:50px\" aria-hidden=\"true\" class=\"wp-block-spacer\"><\/div>\n\n<iframe src=\"https:\/\/www.google.com\/maps\/embed?pb=!1m18!1m12!1m3!1d641484.5707090535!2d1.8821448462123462!3d41.67919805226994!2m3!1f0!2f0!3f0!3m2!1i1024!2i768!4f13.1!3m3!1m2!1s0x12bae6d38a8913a7%3A0xfd44716ef4f97cd!2sRicoh%20Girona%20-%20Sistemas%20Digitales%20de%20Catalunya!5e0!3m2!1ses!2ses!4v1752826272221!5m2!1ses!2ses\" width=\"600\" height=\"450\" style=\"border:0;\" allowfullscreen=\"\" loading=\"lazy\" referrerpolicy=\"no-referrer-when-downgrade\"><\/iframe>\n","protected":false},"parent":0,"menu_order":0,"template":"","class_list":["post-270118","renting-impresoras","type-renting-impresoras","status-publish","hentry"],"acf":[],"yoast_head":"<!-- This site is optimized with the Yoast SEO plugin v27.4 - https:\/\/yoast.com\/product\/yoast-seo-wordpress\/ -->\n<title>R\u00e8nting Impressores Blanes  Sistemas Digitales<\/title>\n<meta name=\"robots\" content=\"index, follow, max-snippet:-1, max-image-preview:large, max-video-preview:-1\" \/>\n<link rel=\"canonical\" href=\"https:\/\/www.sistemas-catalunya.com\/ca\/renting-impresoras\/renting-impressores-blanes\/\" \/>\n<meta property=\"og:locale\" content=\"ca_ES\" \/>\n<meta property=\"og:type\" content=\"article\" \/>\n<meta property=\"og:title\" content=\"R\u00e8nting Impressores Blanes  Sistemas Digitales\" \/>\n<meta property=\"og:description\" content=\"LLOGUER IMPRESSORES BLANES A l&#8217;era digital en qu\u00e8 vivim, la necessitat de comptar amb eines i equips tecnol\u00f2gics eficients \u00e9s essencial. Les empreses cerquen constantment maneres d&#8217;optimitzar els seus recursos i obtenir el m\u00e0xim rendiment de les seves inversions. En aquesta ocasi\u00f3, destaquem una opci\u00f3 que ha guanyat popularitat: el r\u00e8nting impressora a Blanes . [&hellip;]\" \/>\n<meta property=\"og:url\" content=\"https:\/\/www.sistemas-catalunya.com\/ca\/renting-impresoras\/renting-impressores-blanes\/\" \/>\n<meta property=\"og:site_name\" content=\"Sistemas Digitales\" \/>\n<meta property=\"article:modified_time\" content=\"2025-07-21T22:15:18+00:00\" \/>\n<meta property=\"og:image\" content=\"https:\/\/www.sistemas-catalunya.com\/wp-content\/uploads\/2021\/10\/sistemas-digitales-Impresora-multifuncional-ricoh.jpg\" \/>\n<meta name=\"twitter:card\" content=\"summary_large_image\" \/>\n<meta name=\"twitter:label1\" content=\"Temps estimat de lectura\" \/>\n\t<meta name=\"twitter:data1\" content=\"2 minuts\" \/>\n<script type=\"application\/ld+json\" class=\"yoast-schema-graph\">{\"@context\":\"https:\\\/\\\/schema.org\",\"@graph\":[{\"@type\":\"WebPage\",\"@id\":\"https:\\\/\\\/www.sistemas-catalunya.com\\\/ca\\\/renting-impresoras\\\/renting-impressores-blanes\\\/\",\"url\":\"https:\\\/\\\/www.sistemas-catalunya.com\\\/ca\\\/renting-impresoras\\\/renting-impressores-blanes\\\/\",\"name\":\"R\u00e8nting Impressores Blanes Sistemas Digitales\",\"isPartOf\":{\"@id\":\"https:\\\/\\\/www.sistemas-catalunya.com\\\/ca\\\/#website\"},\"primaryImageOfPage\":{\"@id\":\"https:\\\/\\\/www.sistemas-catalunya.com\\\/ca\\\/renting-impresoras\\\/renting-impressores-blanes\\\/#primaryimage\"},\"image\":{\"@id\":\"https:\\\/\\\/www.sistemas-catalunya.com\\\/ca\\\/renting-impresoras\\\/renting-impressores-blanes\\\/#primaryimage\"},\"thumbnailUrl\":\"https:\\\/\\\/www.sistemas-catalunya.com\\\/wp-content\\\/uploads\\\/2021\\\/10\\\/sistemas-digitales-Impresora-multifuncional-ricoh.jpg\",\"datePublished\":\"2025-07-21T10:31:25+00:00\",\"dateModified\":\"2025-07-21T22:15:18+00:00\",\"breadcrumb\":{\"@id\":\"https:\\\/\\\/www.sistemas-catalunya.com\\\/ca\\\/renting-impresoras\\\/renting-impressores-blanes\\\/#breadcrumb\"},\"inLanguage\":\"ca\",\"potentialAction\":[{\"@type\":\"ReadAction\",\"target\":[\"https:\\\/\\\/www.sistemas-catalunya.com\\\/ca\\\/renting-impresoras\\\/renting-impressores-blanes\\\/\"]}]},{\"@type\":\"ImageObject\",\"inLanguage\":\"ca\",\"@id\":\"https:\\\/\\\/www.sistemas-catalunya.com\\\/ca\\\/renting-impresoras\\\/renting-impressores-blanes\\\/#primaryimage\",\"url\":\"https:\\\/\\\/www.sistemas-catalunya.com\\\/wp-content\\\/uploads\\\/2021\\\/10\\\/sistemas-digitales-Impresora-multifuncional-ricoh.jpg\",\"contentUrl\":\"https:\\\/\\\/www.sistemas-catalunya.com\\\/wp-content\\\/uploads\\\/2021\\\/10\\\/sistemas-digitales-Impresora-multifuncional-ricoh.jpg\"},{\"@type\":\"BreadcrumbList\",\"@id\":\"https:\\\/\\\/www.sistemas-catalunya.com\\\/ca\\\/renting-impresoras\\\/renting-impressores-blanes\\\/#breadcrumb\",\"itemListElement\":[{\"@type\":\"ListItem\",\"position\":1,\"name\":\"Sistemas Catalunya\",\"item\":\"https:\\\/\\\/www.sistemas-catalunya.com\\\/ca\\\/\"},{\"@type\":\"ListItem\",\"position\":2,\"name\":\"Lloguer d'impressores\",\"item\":\"https:\\\/\\\/www.sistemas-catalunya.com\\\/ca\\\/renting-impresoras\\\/\"},{\"@type\":\"ListItem\",\"position\":3,\"name\":\"R\u00e8nting Impressores Blanes\"}]},{\"@type\":\"WebSite\",\"@id\":\"https:\\\/\\\/www.sistemas-catalunya.com\\\/ca\\\/#website\",\"url\":\"https:\\\/\\\/www.sistemas-catalunya.com\\\/ca\\\/\",\"name\":\"Sistemas Digitales\",\"description\":\"Renting de Impresoras y Fotocopiadoras ...\",\"potentialAction\":[{\"@type\":\"SearchAction\",\"target\":{\"@type\":\"EntryPoint\",\"urlTemplate\":\"https:\\\/\\\/www.sistemas-catalunya.com\\\/ca\\\/?s={search_term_string}\"},\"query-input\":{\"@type\":\"PropertyValueSpecification\",\"valueRequired\":true,\"valueName\":\"search_term_string\"}}],\"inLanguage\":\"ca\"}]}<\/script>\n<!-- \/ Yoast SEO plugin. -->","yoast_head_json":{"title":"R\u00e8nting Impressores Blanes  Sistemas Digitales","robots":{"index":"index","follow":"follow","max-snippet":"max-snippet:-1","max-image-preview":"max-image-preview:large","max-video-preview":"max-video-preview:-1"},"canonical":"https:\/\/www.sistemas-catalunya.com\/ca\/renting-impresoras\/renting-impressores-blanes\/","og_locale":"ca_ES","og_type":"article","og_title":"R\u00e8nting Impressores Blanes  Sistemas Digitales","og_description":"LLOGUER IMPRESSORES BLANES A l&#8217;era digital en qu\u00e8 vivim, la necessitat de comptar amb eines i equips tecnol\u00f2gics eficients \u00e9s essencial. Les empreses cerquen constantment maneres d&#8217;optimitzar els seus recursos i obtenir el m\u00e0xim rendiment de les seves inversions. En aquesta ocasi\u00f3, destaquem una opci\u00f3 que ha guanyat popularitat: el r\u00e8nting impressora a Blanes . [&hellip;]","og_url":"https:\/\/www.sistemas-catalunya.com\/ca\/renting-impresoras\/renting-impressores-blanes\/","og_site_name":"Sistemas Digitales","article_modified_time":"2025-07-21T22:15:18+00:00","og_image":[{"url":"https:\/\/www.sistemas-catalunya.com\/wp-content\/uploads\/2021\/10\/sistemas-digitales-Impresora-multifuncional-ricoh.jpg","type":"","width":"","height":""}],"twitter_card":"summary_large_image","twitter_misc":{"Temps estimat de lectura":"2 minuts"},"schema":{"@context":"https:\/\/schema.org","@graph":[{"@type":"WebPage","@id":"https:\/\/www.sistemas-catalunya.com\/ca\/renting-impresoras\/renting-impressores-blanes\/","url":"https:\/\/www.sistemas-catalunya.com\/ca\/renting-impresoras\/renting-impressores-blanes\/","name":"R\u00e8nting Impressores Blanes Sistemas Digitales","isPartOf":{"@id":"https:\/\/www.sistemas-catalunya.com\/ca\/#website"},"primaryImageOfPage":{"@id":"https:\/\/www.sistemas-catalunya.com\/ca\/renting-impresoras\/renting-impressores-blanes\/#primaryimage"},"image":{"@id":"https:\/\/www.sistemas-catalunya.com\/ca\/renting-impresoras\/renting-impressores-blanes\/#primaryimage"},"thumbnailUrl":"https:\/\/www.sistemas-catalunya.com\/wp-content\/uploads\/2021\/10\/sistemas-digitales-Impresora-multifuncional-ricoh.jpg","datePublished":"2025-07-21T10:31:25+00:00","dateModified":"2025-07-21T22:15:18+00:00","breadcrumb":{"@id":"https:\/\/www.sistemas-catalunya.com\/ca\/renting-impresoras\/renting-impressores-blanes\/#breadcrumb"},"inLanguage":"ca","potentialAction":[{"@type":"ReadAction","target":["https:\/\/www.sistemas-catalunya.com\/ca\/renting-impresoras\/renting-impressores-blanes\/"]}]},{"@type":"ImageObject","inLanguage":"ca","@id":"https:\/\/www.sistemas-catalunya.com\/ca\/renting-impresoras\/renting-impressores-blanes\/#primaryimage","url":"https:\/\/www.sistemas-catalunya.com\/wp-content\/uploads\/2021\/10\/sistemas-digitales-Impresora-multifuncional-ricoh.jpg","contentUrl":"https:\/\/www.sistemas-catalunya.com\/wp-content\/uploads\/2021\/10\/sistemas-digitales-Impresora-multifuncional-ricoh.jpg"},{"@type":"BreadcrumbList","@id":"https:\/\/www.sistemas-catalunya.com\/ca\/renting-impresoras\/renting-impressores-blanes\/#breadcrumb","itemListElement":[{"@type":"ListItem","position":1,"name":"Sistemas Catalunya","item":"https:\/\/www.sistemas-catalunya.com\/ca\/"},{"@type":"ListItem","position":2,"name":"Lloguer d'impressores","item":"https:\/\/www.sistemas-catalunya.com\/ca\/renting-impresoras\/"},{"@type":"ListItem","position":3,"name":"R\u00e8nting Impressores Blanes"}]},{"@type":"WebSite","@id":"https:\/\/www.sistemas-catalunya.com\/ca\/#website","url":"https:\/\/www.sistemas-catalunya.com\/ca\/","name":"Sistemas Digitales","description":"Renting de Impresoras y Fotocopiadoras ...","potentialAction":[{"@type":"SearchAction","target":{"@type":"EntryPoint","urlTemplate":"https:\/\/www.sistemas-catalunya.com\/ca\/?s={search_term_string}"},"query-input":{"@type":"PropertyValueSpecification","valueRequired":true,"valueName":"search_term_string"}}],"inLanguage":"ca"}]}},"_links":{"self":[{"href":"https:\/\/www.sistemas-catalunya.com\/ca\/wp-json\/wp\/v2\/renting-impresoras\/270118","targetHints":{"allow":["GET"]}}],"collection":[{"href":"https:\/\/www.sistemas-catalunya.com\/ca\/wp-json\/wp\/v2\/renting-impresoras"}],"about":[{"href":"https:\/\/www.sistemas-catalunya.com\/ca\/wp-json\/wp\/v2\/types\/renting-impresoras"}],"version-history":[{"count":1,"href":"https:\/\/www.sistemas-catalunya.com\/ca\/wp-json\/wp\/v2\/renting-impresoras\/270118\/revisions"}],"predecessor-version":[{"id":270120,"href":"https:\/\/www.sistemas-catalunya.com\/ca\/wp-json\/wp\/v2\/renting-impresoras\/270118\/revisions\/270120"}],"wp:attachment":[{"href":"https:\/\/www.sistemas-catalunya.com\/ca\/wp-json\/wp\/v2\/media?parent=270118"}],"curies":[{"name":"wp","href":"https:\/\/api.w.org\/{rel}","templated":true}]}}