{"id":270119,"date":"2025-07-21T11:31:26","date_gmt":"2025-07-21T10:31:26","guid":{"rendered":"https:\/\/www.sistemas-catalunya.com\/renting-impresoras-2\/renting-impressores-santa-coloma-de-gramenet\/"},"modified":"2025-07-21T23:15:18","modified_gmt":"2025-07-21T22:15:18","slug":"renting-impressores-santa-coloma-de-gramenet","status":"publish","type":"renting-impresoras","link":"https:\/\/www.sistemas-catalunya.com\/ca\/renting-impresoras\/renting-impressores-santa-coloma-de-gramenet\/","title":{"rendered":"R\u00e8nting Impressores Santa Coloma de Gramenet"},"content":{"rendered":"\n<p><\/p>\n\n<div class=\"wp-block-columns is-layout-flex wp-container-core-columns-is-layout-28f84493 wp-block-columns-is-layout-flex\">\n<div class=\"wp-block-column is-layout-flow wp-block-column-is-layout-flow\">\n<h2 class=\"wp-block-heading has-text-align-center\">R\u00c8NTING D&#8217;IMPRESSORES Santa Coloma de Gramenet<\/h2>\n\n\n\n<p class=\"has-text-align-center\">En gestionar una empresa, \u00e9s crucial disposar dels recursos adequats per assolir un exercici excel\u00b7lent. Aix\u00f2 no obstant, aquests recursos poden resultar costosos i complicats de mantenir. Per aix\u00f2, el r\u00e8nting d&#8217;impressores ha esdevingut una alternativa cada cop m\u00e9s atractiva per a les companyies.  <\/p>\n\n\n\n<p>A Sistemes Digitals, l\u00edders en l&#8217;\u00e0mbit de solucions digitals i principal distribu\u00efdor de Ricoh a Europa, us oferim un servei de <strong>r\u00e8nting impressores Santa Coloma de Gramenet<\/strong> personalitzat que s&#8217;ajusta als vostres requeriments.  <\/p>\n\n\n\n<p class=\"has-text-align-center\">Podem recolzar-te en l&#8217;optimitzaci\u00f3 de la productivitat de la teva empresa mitjan\u00e7ant els nostres serveis d&#8217;excel\u00b7l\u00e8ncia i la implementaci\u00f3 de tecnologies d&#8217;avantguarda als nostres equips.<\/p>\n<\/div>\n<\/div>\n\n<div style=\"height:50px\" aria-hidden=\"true\" class=\"wp-block-spacer\"><\/div>\n\n<div class=\"wp-block-columns is-layout-flex wp-container-core-columns-is-layout-28f84493 wp-block-columns-is-layout-flex\">\n<div class=\"wp-block-column is-vertically-aligned-center is-layout-flow wp-block-column-is-layout-flow\">\n<h2 class=\"wp-block-heading\">Qu\u00e8 \u00e9s el r\u00e8nting d&#8217;impressores a Santa Coloma de Gramenet i com funciona?<\/h2>\n\n\n\n<p>El <strong>r\u00e8nting impressores Santa Coloma de Gramenet<\/strong> \u00e9s un servei que permet a les empreses accedir a equips d&#8217;impressi\u00f3 d&#8217;alta qualitat sense invertir en la compra d&#8217;aquests dispositius.  <\/p>\n\n\n\n<p>Mitjan\u00e7ant un contracte, les empreses poden gaudir d&#8217;equips moderns i eficients per un per\u00edode determinat, pagant una quota mensual que inclou el manteniment i l&#8217;assist\u00e8ncia t\u00e8cnica.<\/p>\n<\/div>\n\n\n\n<div class=\"wp-block-column is-layout-flow wp-block-column-is-layout-flow\">\n<figure class=\"wp-block-image has-custom-border\"><a href=\"https:\/\/www.sistemas-catalunya.com\/ca\/cat-producto\/impressores-multifuncionals\/\"><img decoding=\"async\" src=\"https:\/\/www.sistemas-catalunya.com\/wp-content\/uploads\/2021\/10\/sistemas-digitales-Impresora-multifuncional-ricoh.jpg\" alt=\"sistemes-digitals-Impressora-multifuncional-ricoh\" style=\"border-radius:10px\"\/><\/a><\/figure>\n<\/div>\n<\/div>\n\n<div style=\"height:50px\" aria-hidden=\"true\" class=\"wp-block-spacer\"><\/div>\n\n<div class=\"wp-block-columns is-layout-flex wp-container-core-columns-is-layout-28f84493 wp-block-columns-is-layout-flex\">\n<div class=\"wp-block-column is-layout-flow wp-block-column-is-layout-flow\">\n<figure class=\"wp-block-image size-full has-custom-border\"><img fetchpriority=\"high\" decoding=\"async\" width=\"611\" height=\"423\" src=\"https:\/\/www.sistemas-catalunya.com\/wp-content\/uploads\/image.png\" alt=\"\" class=\"wp-image-268989\" style=\"border-radius:10px\" srcset=\"https:\/\/www.sistemas-catalunya.com\/wp-content\/uploads\/image.png 611w, https:\/\/www.sistemas-catalunya.com\/wp-content\/uploads\/image-300x208.png 300w, https:\/\/www.sistemas-catalunya.com\/wp-content\/uploads\/image-600x415.png 600w\" sizes=\"(max-width: 611px) 100vw, 611px\" \/><\/figure>\n<\/div>\n\n\n\n<div class=\"wp-block-column is-vertically-aligned-center is-layout-flow wp-block-column-is-layout-flow\">\n<h2 class=\"wp-block-heading\">Tria Sistemes Digitals per a les teves necessitats de r\u00e8nting d&#8217;impressores a Santa Coloma de Gramenet<\/h2>\n\n\n\n<p>El r\u00e8nting d&#8217;impressores \u00e9s una estrat\u00e8gia eficient per optimitzar l&#8217;administraci\u00f3 de documents i potenciar la productivitat de la vostra empresa a Santa Coloma de Gramenet. <\/p>\n\n\n\n<p>Amb m\u00e9s de 35 anys d&#8217;experi\u00e8ncia al sector, ens destaquem per oferir serveis de qualitat i un suport t\u00e8cnic excepcional. El nostre equip de professionals est\u00e0 a la vostra disposici\u00f3 per assessorar-vos i col\u00b7laborar en la recerca de la soluci\u00f3 que millor s&#8217;ajusti a les vostres necessitats i requisits espec\u00edfics. <\/p>\n\n\n\n<p>No dubtis en comunicar-te amb nosaltres, ja sigui per tel\u00e8fon, correu electr\u00f2nic o acudint a les nostres oficines. Ens trobem fermament compromesos a brindar-te un excel\u00b7lent servei ia impulsar l&#8217;\u00e8xit i el creixement del teu negoci. <\/p>\n\n\n\n<div class=\"wp-block-buttons #contacto is-layout-flex wp-block-buttons-is-layout-flex\">\n<div class=\"wp-block-button\"><a class=\"wp-block-button__link has-white-color has-vivid-red-background-color has-text-color has-background has-link-color has-small-font-size has-custom-font-size wp-element-button\" href=\"#contacto\" rel=\"https:\/\/www.sistemas-catalunya.com\/cat-producto\/impresoras\/\">DESCOBREIX M\u00c9S<\/a><\/div>\n<\/div>\n<\/div>\n<\/div>\n\n<div style=\"height:50px\" aria-hidden=\"true\" class=\"wp-block-spacer\"><\/div>\n\n<h2 class=\"wp-block-heading\">Beneficis del r\u00e8nting d&#8217;impressores a Santa Coloma de Gramenet amb Sistemes Digitals<\/h2>\n\n<h3 class=\"wp-block-heading\">Estalvi econ\u00f2mic<\/h3>\n\n<p>En optar pel <strong>r\u00e8nting impressores Santa Coloma de Gramenet<\/strong> , elimines la necessitat de realitzar una inversi\u00f3 inicial en equips costosos i minimitzes les despeses de manteniment i reparaci\u00f3, ja que aquests estan inclosos a la quota mensual.<\/p>\n\n<h3 class=\"wp-block-heading\">Flexibilitat<\/h3>\n\n<p>Els nostres contractes de r\u00e8nting s\u00f3n personalitzables, adaptant-se a les necessitats i requeriments espec\u00edfics de cada empresa. Aix\u00f2 permet a les organitzacions comptar amb la tecnologia m\u00e9s adequada en funci\u00f3 del seu volum de treball i tipus de documents. <\/p>\n\n<h3 class=\"wp-block-heading\">Equips de darrera generaci\u00f3<\/h3>\n\n<p>Com que \u00e9s distribu\u00efdors de Ricoh, l\u00edder mundial en solucions d&#8217;impressi\u00f3, oferim equips amb l&#8217;\u00faltima tecnologia, garantint la m\u00e0xima efici\u00e8ncia i qualitat en la gesti\u00f3 de documents.<\/p>\n\n<h3 class=\"wp-block-heading\">Servei t\u00e8cnic i manteniment<\/h3>\n\n<p>El nostre equip de professionals s&#8217;encarrega de realitzar el manteniment preventiu i correctiu dels equips, assegurant el seu funcionament \u00f2ptim i minimitzant les interrupcions a la teva empresa.<\/p>\n\n<h3 class=\"wp-block-heading\">Sostenibilitat<\/h3>\n\n<p>Els nostres equips d&#8217;impressi\u00f3 tenen certificacions mediambientals i estan dissenyats per reduir el consum d&#8217;energia i l&#8217;impacte ecol\u00f2gic.<\/p>\n\n<div style=\"height:50px\" aria-hidden=\"true\" class=\"wp-block-spacer\"><\/div>\n\n<div style=\"height:50px\" aria-hidden=\"true\" class=\"wp-block-spacer\"><\/div>\n\n<iframe src=\"https:\/\/www.google.com\/maps\/embed?pb=!1m18!1m12!1m3!1d454755.6257261828!2d1.6246315681137935!3d41.51470679863718!2m3!1f0!2f0!3f0!3m2!1i1024!2i768!4f13.1!3m3!1m2!1s0x12a499481b8427bf%3A0xa97a5ec3617b17d9!2sDistribuidor%20Ricoh%20Barcelona%20y%20renting%20de%20impresoras%20%7C%20Sistemas%20Digitales%20de%20Catalunya!5e0!3m2!1ses!2ses!4v1752747255893!5m2!1ses!2ses\" width=\"600\" height=\"450\" style=\"border:0;\" allowfullscreen=\"\" loading=\"lazy\" referrerpolicy=\"no-referrer-when-downgrade\"><\/iframe>\n","protected":false},"parent":0,"menu_order":0,"template":"","class_list":["post-270119","renting-impresoras","type-renting-impresoras","status-publish","hentry"],"acf":[],"yoast_head":"<!-- This site is optimized with the Yoast SEO plugin v27.4 - https:\/\/yoast.com\/product\/yoast-seo-wordpress\/ -->\n<title>R\u00e8nting Impressores Santa Coloma de Gramenet  Sistemas Digitales<\/title>\n<meta name=\"robots\" content=\"index, follow, max-snippet:-1, max-image-preview:large, max-video-preview:-1\" \/>\n<link rel=\"canonical\" href=\"https:\/\/www.sistemas-catalunya.com\/ca\/renting-impresoras\/renting-impressores-santa-coloma-de-gramenet\/\" \/>\n<meta property=\"og:locale\" content=\"ca_ES\" \/>\n<meta property=\"og:type\" content=\"article\" \/>\n<meta property=\"og:title\" content=\"R\u00e8nting Impressores Santa Coloma de Gramenet  Sistemas Digitales\" \/>\n<meta property=\"og:description\" content=\"R\u00c8NTING D&#8217;IMPRESSORES Santa Coloma de Gramenet En gestionar una empresa, \u00e9s crucial disposar dels recursos adequats per assolir un exercici excel\u00b7lent. Aix\u00f2 no obstant, aquests recursos poden resultar costosos i complicats de mantenir. Per aix\u00f2, el r\u00e8nting d&#8217;impressores ha esdevingut una alternativa cada cop m\u00e9s atractiva per a les companyies. A Sistemes Digitals, l\u00edders en [&hellip;]\" \/>\n<meta property=\"og:url\" content=\"https:\/\/www.sistemas-catalunya.com\/ca\/renting-impresoras\/renting-impressores-santa-coloma-de-gramenet\/\" \/>\n<meta property=\"og:site_name\" content=\"Sistemas Digitales\" \/>\n<meta property=\"article:modified_time\" content=\"2025-07-21T22:15:18+00:00\" \/>\n<meta property=\"og:image\" content=\"https:\/\/www.sistemas-catalunya.com\/wp-content\/uploads\/2021\/10\/sistemas-digitales-Impresora-multifuncional-ricoh.jpg\" \/>\n<meta name=\"twitter:card\" content=\"summary_large_image\" \/>\n<meta name=\"twitter:label1\" content=\"Temps estimat de lectura\" \/>\n\t<meta name=\"twitter:data1\" content=\"3 minuts\" \/>\n<script type=\"application\/ld+json\" class=\"yoast-schema-graph\">{\"@context\":\"https:\\\/\\\/schema.org\",\"@graph\":[{\"@type\":\"WebPage\",\"@id\":\"https:\\\/\\\/www.sistemas-catalunya.com\\\/ca\\\/renting-impresoras\\\/renting-impressores-santa-coloma-de-gramenet\\\/\",\"url\":\"https:\\\/\\\/www.sistemas-catalunya.com\\\/ca\\\/renting-impresoras\\\/renting-impressores-santa-coloma-de-gramenet\\\/\",\"name\":\"R\u00e8nting Impressores Santa Coloma de Gramenet Sistemas Digitales\",\"isPartOf\":{\"@id\":\"https:\\\/\\\/www.sistemas-catalunya.com\\\/ca\\\/#website\"},\"primaryImageOfPage\":{\"@id\":\"https:\\\/\\\/www.sistemas-catalunya.com\\\/ca\\\/renting-impresoras\\\/renting-impressores-santa-coloma-de-gramenet\\\/#primaryimage\"},\"image\":{\"@id\":\"https:\\\/\\\/www.sistemas-catalunya.com\\\/ca\\\/renting-impresoras\\\/renting-impressores-santa-coloma-de-gramenet\\\/#primaryimage\"},\"thumbnailUrl\":\"https:\\\/\\\/www.sistemas-catalunya.com\\\/wp-content\\\/uploads\\\/2021\\\/10\\\/sistemas-digitales-Impresora-multifuncional-ricoh.jpg\",\"datePublished\":\"2025-07-21T10:31:26+00:00\",\"dateModified\":\"2025-07-21T22:15:18+00:00\",\"breadcrumb\":{\"@id\":\"https:\\\/\\\/www.sistemas-catalunya.com\\\/ca\\\/renting-impresoras\\\/renting-impressores-santa-coloma-de-gramenet\\\/#breadcrumb\"},\"inLanguage\":\"ca\",\"potentialAction\":[{\"@type\":\"ReadAction\",\"target\":[\"https:\\\/\\\/www.sistemas-catalunya.com\\\/ca\\\/renting-impresoras\\\/renting-impressores-santa-coloma-de-gramenet\\\/\"]}]},{\"@type\":\"ImageObject\",\"inLanguage\":\"ca\",\"@id\":\"https:\\\/\\\/www.sistemas-catalunya.com\\\/ca\\\/renting-impresoras\\\/renting-impressores-santa-coloma-de-gramenet\\\/#primaryimage\",\"url\":\"https:\\\/\\\/www.sistemas-catalunya.com\\\/wp-content\\\/uploads\\\/2021\\\/10\\\/sistemas-digitales-Impresora-multifuncional-ricoh.jpg\",\"contentUrl\":\"https:\\\/\\\/www.sistemas-catalunya.com\\\/wp-content\\\/uploads\\\/2021\\\/10\\\/sistemas-digitales-Impresora-multifuncional-ricoh.jpg\"},{\"@type\":\"BreadcrumbList\",\"@id\":\"https:\\\/\\\/www.sistemas-catalunya.com\\\/ca\\\/renting-impresoras\\\/renting-impressores-santa-coloma-de-gramenet\\\/#breadcrumb\",\"itemListElement\":[{\"@type\":\"ListItem\",\"position\":1,\"name\":\"Sistemas Catalunya\",\"item\":\"https:\\\/\\\/www.sistemas-catalunya.com\\\/ca\\\/\"},{\"@type\":\"ListItem\",\"position\":2,\"name\":\"Lloguer d'impressores\",\"item\":\"https:\\\/\\\/www.sistemas-catalunya.com\\\/ca\\\/renting-impresoras\\\/\"},{\"@type\":\"ListItem\",\"position\":3,\"name\":\"R\u00e8nting Impressores Santa Coloma de Gramenet\"}]},{\"@type\":\"WebSite\",\"@id\":\"https:\\\/\\\/www.sistemas-catalunya.com\\\/ca\\\/#website\",\"url\":\"https:\\\/\\\/www.sistemas-catalunya.com\\\/ca\\\/\",\"name\":\"Sistemas Digitales\",\"description\":\"Renting de Impresoras y Fotocopiadoras ...\",\"potentialAction\":[{\"@type\":\"SearchAction\",\"target\":{\"@type\":\"EntryPoint\",\"urlTemplate\":\"https:\\\/\\\/www.sistemas-catalunya.com\\\/ca\\\/?s={search_term_string}\"},\"query-input\":{\"@type\":\"PropertyValueSpecification\",\"valueRequired\":true,\"valueName\":\"search_term_string\"}}],\"inLanguage\":\"ca\"}]}<\/script>\n<!-- \/ Yoast SEO plugin. -->","yoast_head_json":{"title":"R\u00e8nting Impressores Santa Coloma de Gramenet  Sistemas Digitales","robots":{"index":"index","follow":"follow","max-snippet":"max-snippet:-1","max-image-preview":"max-image-preview:large","max-video-preview":"max-video-preview:-1"},"canonical":"https:\/\/www.sistemas-catalunya.com\/ca\/renting-impresoras\/renting-impressores-santa-coloma-de-gramenet\/","og_locale":"ca_ES","og_type":"article","og_title":"R\u00e8nting Impressores Santa Coloma de Gramenet  Sistemas Digitales","og_description":"R\u00c8NTING D&#8217;IMPRESSORES Santa Coloma de Gramenet En gestionar una empresa, \u00e9s crucial disposar dels recursos adequats per assolir un exercici excel\u00b7lent. Aix\u00f2 no obstant, aquests recursos poden resultar costosos i complicats de mantenir. Per aix\u00f2, el r\u00e8nting d&#8217;impressores ha esdevingut una alternativa cada cop m\u00e9s atractiva per a les companyies. A Sistemes Digitals, l\u00edders en [&hellip;]","og_url":"https:\/\/www.sistemas-catalunya.com\/ca\/renting-impresoras\/renting-impressores-santa-coloma-de-gramenet\/","og_site_name":"Sistemas Digitales","article_modified_time":"2025-07-21T22:15:18+00:00","og_image":[{"url":"https:\/\/www.sistemas-catalunya.com\/wp-content\/uploads\/2021\/10\/sistemas-digitales-Impresora-multifuncional-ricoh.jpg","type":"","width":"","height":""}],"twitter_card":"summary_large_image","twitter_misc":{"Temps estimat de lectura":"3 minuts"},"schema":{"@context":"https:\/\/schema.org","@graph":[{"@type":"WebPage","@id":"https:\/\/www.sistemas-catalunya.com\/ca\/renting-impresoras\/renting-impressores-santa-coloma-de-gramenet\/","url":"https:\/\/www.sistemas-catalunya.com\/ca\/renting-impresoras\/renting-impressores-santa-coloma-de-gramenet\/","name":"R\u00e8nting Impressores Santa Coloma de Gramenet Sistemas Digitales","isPartOf":{"@id":"https:\/\/www.sistemas-catalunya.com\/ca\/#website"},"primaryImageOfPage":{"@id":"https:\/\/www.sistemas-catalunya.com\/ca\/renting-impresoras\/renting-impressores-santa-coloma-de-gramenet\/#primaryimage"},"image":{"@id":"https:\/\/www.sistemas-catalunya.com\/ca\/renting-impresoras\/renting-impressores-santa-coloma-de-gramenet\/#primaryimage"},"thumbnailUrl":"https:\/\/www.sistemas-catalunya.com\/wp-content\/uploads\/2021\/10\/sistemas-digitales-Impresora-multifuncional-ricoh.jpg","datePublished":"2025-07-21T10:31:26+00:00","dateModified":"2025-07-21T22:15:18+00:00","breadcrumb":{"@id":"https:\/\/www.sistemas-catalunya.com\/ca\/renting-impresoras\/renting-impressores-santa-coloma-de-gramenet\/#breadcrumb"},"inLanguage":"ca","potentialAction":[{"@type":"ReadAction","target":["https:\/\/www.sistemas-catalunya.com\/ca\/renting-impresoras\/renting-impressores-santa-coloma-de-gramenet\/"]}]},{"@type":"ImageObject","inLanguage":"ca","@id":"https:\/\/www.sistemas-catalunya.com\/ca\/renting-impresoras\/renting-impressores-santa-coloma-de-gramenet\/#primaryimage","url":"https:\/\/www.sistemas-catalunya.com\/wp-content\/uploads\/2021\/10\/sistemas-digitales-Impresora-multifuncional-ricoh.jpg","contentUrl":"https:\/\/www.sistemas-catalunya.com\/wp-content\/uploads\/2021\/10\/sistemas-digitales-Impresora-multifuncional-ricoh.jpg"},{"@type":"BreadcrumbList","@id":"https:\/\/www.sistemas-catalunya.com\/ca\/renting-impresoras\/renting-impressores-santa-coloma-de-gramenet\/#breadcrumb","itemListElement":[{"@type":"ListItem","position":1,"name":"Sistemas Catalunya","item":"https:\/\/www.sistemas-catalunya.com\/ca\/"},{"@type":"ListItem","position":2,"name":"Lloguer d'impressores","item":"https:\/\/www.sistemas-catalunya.com\/ca\/renting-impresoras\/"},{"@type":"ListItem","position":3,"name":"R\u00e8nting Impressores Santa Coloma de Gramenet"}]},{"@type":"WebSite","@id":"https:\/\/www.sistemas-catalunya.com\/ca\/#website","url":"https:\/\/www.sistemas-catalunya.com\/ca\/","name":"Sistemas Digitales","description":"Renting de Impresoras y Fotocopiadoras ...","potentialAction":[{"@type":"SearchAction","target":{"@type":"EntryPoint","urlTemplate":"https:\/\/www.sistemas-catalunya.com\/ca\/?s={search_term_string}"},"query-input":{"@type":"PropertyValueSpecification","valueRequired":true,"valueName":"search_term_string"}}],"inLanguage":"ca"}]}},"_links":{"self":[{"href":"https:\/\/www.sistemas-catalunya.com\/ca\/wp-json\/wp\/v2\/renting-impresoras\/270119","targetHints":{"allow":["GET"]}}],"collection":[{"href":"https:\/\/www.sistemas-catalunya.com\/ca\/wp-json\/wp\/v2\/renting-impresoras"}],"about":[{"href":"https:\/\/www.sistemas-catalunya.com\/ca\/wp-json\/wp\/v2\/types\/renting-impresoras"}],"version-history":[{"count":1,"href":"https:\/\/www.sistemas-catalunya.com\/ca\/wp-json\/wp\/v2\/renting-impresoras\/270119\/revisions"}],"predecessor-version":[{"id":270121,"href":"https:\/\/www.sistemas-catalunya.com\/ca\/wp-json\/wp\/v2\/renting-impresoras\/270119\/revisions\/270121"}],"wp:attachment":[{"href":"https:\/\/www.sistemas-catalunya.com\/ca\/wp-json\/wp\/v2\/media?parent=270119"}],"curies":[{"name":"wp","href":"https:\/\/api.w.org\/{rel}","templated":true}]}}