{"id":270144,"date":"2025-07-21T11:31:35","date_gmt":"2025-07-21T10:31:35","guid":{"rendered":"https:\/\/www.sistemas-catalunya.com\/renting-impresoras-2\/renting-impressores-valencia\/"},"modified":"2025-07-21T23:15:25","modified_gmt":"2025-07-21T22:15:25","slug":"renting-impressores-valencia","status":"publish","type":"renting-impresoras","link":"https:\/\/www.sistemas-catalunya.com\/ca\/renting-impresoras\/renting-impressores-valencia\/","title":{"rendered":"R\u00e8nting impressores Val\u00e8ncia"},"content":{"rendered":"\n<p><\/p>\n\n<div class=\"wp-block-columns is-layout-flex wp-container-core-columns-is-layout-28f84493 wp-block-columns-is-layout-flex\">\n<div class=\"wp-block-column is-layout-flow wp-block-column-is-layout-flow\">\n<h2 class=\"wp-block-heading has-text-align-center\">R\u00c8NTING IMPRESSORES VAL\u00c8NCIA<\/h2>\n\n\n\n<p class=\"has-text-align-center\">Cada cop s\u00f3n m\u00e9s els professionals aut\u00f2noms, pimes i grans empreses de la prov\u00edncia que aposten pel <strong>r\u00e8nting impressores Val\u00e8ncia<\/strong> com a soluci\u00f3 per a la gesti\u00f3 documental en els seus negocis.<\/p>\n\n\n\n<p>Aquest sistema facilita un estalvi notable, tant en l&#8217;adquisici\u00f3 dels equips com en tasques d&#8217;implantaci\u00f3, manteniment i seguretat.<\/p>\n\n\n\n<p>Per a usos m\u00e9s espor\u00e0dics tamb\u00e9 est\u00e0 disponible l&#8217;opci\u00f3 del <strong>lloguer impressores Val\u00e8ncia<\/strong> , en qu\u00e8 el client nom\u00e9s paga aquells dies en qu\u00e8 necessita disposar del dispositiu.<\/p>\n\n\n\n<p class=\"has-text-align-center\">Vols con\u00e8ixer com funciona cadascun dels programes? T&#8217;ho expliquem a continuaci\u00f3. <\/p>\n<\/div>\n<\/div>\n\n<div style=\"height:50px\" aria-hidden=\"true\" class=\"wp-block-spacer\"><\/div>\n\n<div class=\"wp-block-columns is-layout-flex wp-container-core-columns-is-layout-28f84493 wp-block-columns-is-layout-flex\">\n<div class=\"wp-block-column is-vertically-aligned-center is-layout-flow wp-block-column-is-layout-flow\">\n<h2 class=\"wp-block-heading\">Com funciona el r\u00e8nting impressores Val\u00e8ncia<\/h2>\n\n\n\n<p>A Sistemes Digitals t&#8217;oferim tot l&#8217;assessorament que necessites per configurar el teu programa de <strong>r\u00e8nting impressores Val\u00e8ncia.<\/strong><\/p>\n\n\n\n<p>Per comen\u00e7ar, escollim l&#8217;equip que s&#8217;adapti millor a les caracter\u00edstiques del teu negoci i als teus objectius.<\/p>\n\n\n\n<p>No necessites fer una inversi\u00f3 econ\u00f2mica inicial. Abonar\u00e0s una quota mensual per l&#8217;\u00fas del dispositiu ajustat al volum d&#8217;impressi\u00f3 ia les despeses en consumibles. <\/p>\n<\/div>\n\n\n\n<div class=\"wp-block-column is-layout-flow wp-block-column-is-layout-flow\">\n<figure class=\"wp-block-image has-custom-border\"><a href=\"https:\/\/www.sistemas-catalunya.com\/ca\/cat-producto\/impressores-multifuncionals\/\"><img decoding=\"async\" src=\"https:\/\/www.sistemas-catalunya.com\/wp-content\/uploads\/2021\/10\/sistemas-digitales-Impresora-multifuncional-ricoh.jpg\" alt=\"sistemes-digitals-Impressora-multifuncional-ricoh\" style=\"border-radius:10px\"\/><\/a><\/figure>\n<\/div>\n<\/div>\n\n<div style=\"height:50px\" aria-hidden=\"true\" class=\"wp-block-spacer\"><\/div>\n\n<div class=\"wp-block-columns is-layout-flex wp-container-core-columns-is-layout-28f84493 wp-block-columns-is-layout-flex\">\n<div class=\"wp-block-column is-layout-flow wp-block-column-is-layout-flow\">\n<figure class=\"wp-block-image size-full has-custom-border\"><img fetchpriority=\"high\" decoding=\"async\" width=\"611\" height=\"423\" src=\"https:\/\/www.sistemas-catalunya.com\/wp-content\/uploads\/image.png\" alt=\"\" class=\"wp-image-268989\" style=\"border-radius:10px\" srcset=\"https:\/\/www.sistemas-catalunya.com\/wp-content\/uploads\/image.png 611w, https:\/\/www.sistemas-catalunya.com\/wp-content\/uploads\/image-300x208.png 300w, https:\/\/www.sistemas-catalunya.com\/wp-content\/uploads\/image-600x415.png 600w\" sizes=\"(max-width: 611px) 100vw, 611px\" \/><\/figure>\n<\/div>\n\n\n\n<div class=\"wp-block-column is-vertically-aligned-center is-layout-flow wp-block-column-is-layout-flow\">\n<p>El contracte \u00e9s de durada determinada. Quan expira pots triar entre tres opcions: <\/p>\n\n\n\n<ul class=\"wp-block-list\">\n<li>Finalitzar la relaci\u00f3<\/li>\n\n\n\n<li>Adquirir l&#8217;equip en propietat<\/li>\n\n\n\n<li>Renovar l&#8217;acord substituint la impressora per una nova amb les darreres actualitzacions al sector<\/li>\n<\/ul>\n\n\n\n<p>A Sistemes Digitals, a m\u00e9s de comptar amb impressores de la m\u00e0xima qualitat, ens encarreguem de tot perqu\u00e8 puguis obtenir el m\u00e0xim rendiment del dispositiu. (Instal\u00b7laci\u00f3, posada en marxa, manteniment, formaci\u00f3 i suport). <\/p>\n\n\n\n<div class=\"wp-block-buttons #contacto is-layout-flex wp-block-buttons-is-layout-flex\">\n<div class=\"wp-block-button\"><a class=\"wp-block-button__link has-white-color has-vivid-red-background-color has-text-color has-background has-link-color has-small-font-size has-custom-font-size wp-element-button\" rel=\"https:\/\/www.sistemas-catalunya.com\/cat-producto\/impresoras\/\">DESCOBREIX M\u00c9S<\/a><\/div>\n<\/div>\n<\/div>\n<\/div>\n\n<div style=\"height:50px\" aria-hidden=\"true\" class=\"wp-block-spacer\"><\/div>\n\n<div style=\"height:50px\" aria-hidden=\"true\" class=\"wp-block-spacer\"><\/div>\n\n<div class=\"wp-block-media-text has-media-on-the-right is-stacked-on-mobile\"><div class=\"wp-block-media-text__content\">\n<h2 class=\"wp-block-heading\">Com funciona el lloguer impressores Val\u00e8ncia?<\/h2>\n\n\n\n<p>Al <strong>lloguer impressores Val\u00e8ncia<\/strong> , el client utilitza el dispositiu per a un pic puntual de treball a l&#8217;empresa o per donar cobertura a esdeveniments com confer\u00e8ncies o presentacions.<\/p>\n\n\n\n<p>A Sistemes Digitals ens encarreguem del transport, instal\u00b7laci\u00f3 i retirada dels equips. Poseu-vos en contacte amb el nostre equip d&#8217;experts i us ajudem a escollir la impressora adequada. <\/p>\n<\/div><figure class=\"wp-block-media-text__media\"><img decoding=\"async\" width=\"611\" height=\"423\" src=\"https:\/\/www.sistemas-catalunya.com\/wp-content\/uploads\/image-1.png\" alt=\"\" class=\"wp-image-268991 size-full\" srcset=\"https:\/\/www.sistemas-catalunya.com\/wp-content\/uploads\/image-1.png 611w, https:\/\/www.sistemas-catalunya.com\/wp-content\/uploads\/image-1-300x208.png 300w, https:\/\/www.sistemas-catalunya.com\/wp-content\/uploads\/image-1-600x415.png 600w\" sizes=\"(max-width: 611px) 100vw, 611px\" \/><\/figure><\/div>\n\n<div style=\"height:20px\" aria-hidden=\"true\" class=\"wp-block-spacer\"><\/div>\n\n<div style=\"height:50px\" aria-hidden=\"true\" class=\"wp-block-spacer\"><\/div>\n\n<iframe src=\"https:\/\/www.google.com\/maps\/embed?pb=!1m18!1m12!1m3!1d765917.0629178677!2d0.43226546120900666!3d41.42048108847498!2m3!1f0!2f0!3f0!3m2!1i1024!2i768!4f13.1!3m3!1m2!1s0x12a499481b8427bf%3A0xa97a5ec3617b17d9!2sDistribuidor%20Ricoh%20Barcelona%20y%20renting%20de%20impresoras%20%7C%20Sistemas%20Digitales%20de%20Catalunya!5e0!3m2!1ses!2ses!4v1752830408406!5m2!1ses!2ses\" width=\"600\" height=\"450\" style=\"border:0;\" allowfullscreen=\"\" loading=\"lazy\" referrerpolicy=\"no-referrer-when-downgrade\"><\/iframe>\n","protected":false},"parent":0,"menu_order":0,"template":"","class_list":["post-270144","renting-impresoras","type-renting-impresoras","status-publish","hentry"],"acf":[],"yoast_head":"<!-- This site is optimized with the Yoast SEO plugin v27.4 - https:\/\/yoast.com\/product\/yoast-seo-wordpress\/ -->\n<title>R\u00e8nting impressores Val\u00e8ncia  Sistemas Digitales<\/title>\n<meta name=\"robots\" content=\"index, follow, max-snippet:-1, max-image-preview:large, max-video-preview:-1\" \/>\n<link rel=\"canonical\" href=\"https:\/\/www.sistemas-catalunya.com\/ca\/renting-impresoras\/renting-impressores-valencia\/\" \/>\n<meta property=\"og:locale\" content=\"ca_ES\" \/>\n<meta property=\"og:type\" content=\"article\" \/>\n<meta property=\"og:title\" content=\"R\u00e8nting impressores Val\u00e8ncia  Sistemas Digitales\" \/>\n<meta property=\"og:description\" content=\"R\u00c8NTING IMPRESSORES VAL\u00c8NCIA Cada cop s\u00f3n m\u00e9s els professionals aut\u00f2noms, pimes i grans empreses de la prov\u00edncia que aposten pel r\u00e8nting impressores Val\u00e8ncia com a soluci\u00f3 per a la gesti\u00f3 documental en els seus negocis. Aquest sistema facilita un estalvi notable, tant en l&#8217;adquisici\u00f3 dels equips com en tasques d&#8217;implantaci\u00f3, manteniment i seguretat. Per a [&hellip;]\" \/>\n<meta property=\"og:url\" content=\"https:\/\/www.sistemas-catalunya.com\/ca\/renting-impresoras\/renting-impressores-valencia\/\" \/>\n<meta property=\"og:site_name\" content=\"Sistemas Digitales\" \/>\n<meta property=\"article:modified_time\" content=\"2025-07-21T22:15:25+00:00\" \/>\n<meta property=\"og:image\" content=\"https:\/\/www.sistemas-catalunya.com\/wp-content\/uploads\/2021\/10\/sistemas-digitales-Impresora-multifuncional-ricoh.jpg\" \/>\n<meta name=\"twitter:card\" content=\"summary_large_image\" \/>\n<meta name=\"twitter:label1\" content=\"Temps estimat de lectura\" \/>\n\t<meta name=\"twitter:data1\" content=\"2 minuts\" \/>\n<script type=\"application\/ld+json\" class=\"yoast-schema-graph\">{\"@context\":\"https:\\\/\\\/schema.org\",\"@graph\":[{\"@type\":\"WebPage\",\"@id\":\"https:\\\/\\\/www.sistemas-catalunya.com\\\/ca\\\/renting-impresoras\\\/renting-impressores-valencia\\\/\",\"url\":\"https:\\\/\\\/www.sistemas-catalunya.com\\\/ca\\\/renting-impresoras\\\/renting-impressores-valencia\\\/\",\"name\":\"R\u00e8nting impressores Val\u00e8ncia Sistemas Digitales\",\"isPartOf\":{\"@id\":\"https:\\\/\\\/www.sistemas-catalunya.com\\\/ca\\\/#website\"},\"primaryImageOfPage\":{\"@id\":\"https:\\\/\\\/www.sistemas-catalunya.com\\\/ca\\\/renting-impresoras\\\/renting-impressores-valencia\\\/#primaryimage\"},\"image\":{\"@id\":\"https:\\\/\\\/www.sistemas-catalunya.com\\\/ca\\\/renting-impresoras\\\/renting-impressores-valencia\\\/#primaryimage\"},\"thumbnailUrl\":\"https:\\\/\\\/www.sistemas-catalunya.com\\\/wp-content\\\/uploads\\\/2021\\\/10\\\/sistemas-digitales-Impresora-multifuncional-ricoh.jpg\",\"datePublished\":\"2025-07-21T10:31:35+00:00\",\"dateModified\":\"2025-07-21T22:15:25+00:00\",\"breadcrumb\":{\"@id\":\"https:\\\/\\\/www.sistemas-catalunya.com\\\/ca\\\/renting-impresoras\\\/renting-impressores-valencia\\\/#breadcrumb\"},\"inLanguage\":\"ca\",\"potentialAction\":[{\"@type\":\"ReadAction\",\"target\":[\"https:\\\/\\\/www.sistemas-catalunya.com\\\/ca\\\/renting-impresoras\\\/renting-impressores-valencia\\\/\"]}]},{\"@type\":\"ImageObject\",\"inLanguage\":\"ca\",\"@id\":\"https:\\\/\\\/www.sistemas-catalunya.com\\\/ca\\\/renting-impresoras\\\/renting-impressores-valencia\\\/#primaryimage\",\"url\":\"https:\\\/\\\/www.sistemas-catalunya.com\\\/wp-content\\\/uploads\\\/2021\\\/10\\\/sistemas-digitales-Impresora-multifuncional-ricoh.jpg\",\"contentUrl\":\"https:\\\/\\\/www.sistemas-catalunya.com\\\/wp-content\\\/uploads\\\/2021\\\/10\\\/sistemas-digitales-Impresora-multifuncional-ricoh.jpg\"},{\"@type\":\"BreadcrumbList\",\"@id\":\"https:\\\/\\\/www.sistemas-catalunya.com\\\/ca\\\/renting-impresoras\\\/renting-impressores-valencia\\\/#breadcrumb\",\"itemListElement\":[{\"@type\":\"ListItem\",\"position\":1,\"name\":\"Sistemas Catalunya\",\"item\":\"https:\\\/\\\/www.sistemas-catalunya.com\\\/ca\\\/\"},{\"@type\":\"ListItem\",\"position\":2,\"name\":\"Lloguer d'impressores\",\"item\":\"https:\\\/\\\/www.sistemas-catalunya.com\\\/ca\\\/renting-impresoras\\\/\"},{\"@type\":\"ListItem\",\"position\":3,\"name\":\"R\u00e8nting impressores Val\u00e8ncia\"}]},{\"@type\":\"WebSite\",\"@id\":\"https:\\\/\\\/www.sistemas-catalunya.com\\\/ca\\\/#website\",\"url\":\"https:\\\/\\\/www.sistemas-catalunya.com\\\/ca\\\/\",\"name\":\"Sistemas Digitales\",\"description\":\"Renting de Impresoras y Fotocopiadoras ...\",\"potentialAction\":[{\"@type\":\"SearchAction\",\"target\":{\"@type\":\"EntryPoint\",\"urlTemplate\":\"https:\\\/\\\/www.sistemas-catalunya.com\\\/ca\\\/?s={search_term_string}\"},\"query-input\":{\"@type\":\"PropertyValueSpecification\",\"valueRequired\":true,\"valueName\":\"search_term_string\"}}],\"inLanguage\":\"ca\"}]}<\/script>\n<!-- \/ Yoast SEO plugin. -->","yoast_head_json":{"title":"R\u00e8nting impressores Val\u00e8ncia  Sistemas Digitales","robots":{"index":"index","follow":"follow","max-snippet":"max-snippet:-1","max-image-preview":"max-image-preview:large","max-video-preview":"max-video-preview:-1"},"canonical":"https:\/\/www.sistemas-catalunya.com\/ca\/renting-impresoras\/renting-impressores-valencia\/","og_locale":"ca_ES","og_type":"article","og_title":"R\u00e8nting impressores Val\u00e8ncia  Sistemas Digitales","og_description":"R\u00c8NTING IMPRESSORES VAL\u00c8NCIA Cada cop s\u00f3n m\u00e9s els professionals aut\u00f2noms, pimes i grans empreses de la prov\u00edncia que aposten pel r\u00e8nting impressores Val\u00e8ncia com a soluci\u00f3 per a la gesti\u00f3 documental en els seus negocis. Aquest sistema facilita un estalvi notable, tant en l&#8217;adquisici\u00f3 dels equips com en tasques d&#8217;implantaci\u00f3, manteniment i seguretat. Per a [&hellip;]","og_url":"https:\/\/www.sistemas-catalunya.com\/ca\/renting-impresoras\/renting-impressores-valencia\/","og_site_name":"Sistemas Digitales","article_modified_time":"2025-07-21T22:15:25+00:00","og_image":[{"url":"https:\/\/www.sistemas-catalunya.com\/wp-content\/uploads\/2021\/10\/sistemas-digitales-Impresora-multifuncional-ricoh.jpg","type":"","width":"","height":""}],"twitter_card":"summary_large_image","twitter_misc":{"Temps estimat de lectura":"2 minuts"},"schema":{"@context":"https:\/\/schema.org","@graph":[{"@type":"WebPage","@id":"https:\/\/www.sistemas-catalunya.com\/ca\/renting-impresoras\/renting-impressores-valencia\/","url":"https:\/\/www.sistemas-catalunya.com\/ca\/renting-impresoras\/renting-impressores-valencia\/","name":"R\u00e8nting impressores Val\u00e8ncia Sistemas Digitales","isPartOf":{"@id":"https:\/\/www.sistemas-catalunya.com\/ca\/#website"},"primaryImageOfPage":{"@id":"https:\/\/www.sistemas-catalunya.com\/ca\/renting-impresoras\/renting-impressores-valencia\/#primaryimage"},"image":{"@id":"https:\/\/www.sistemas-catalunya.com\/ca\/renting-impresoras\/renting-impressores-valencia\/#primaryimage"},"thumbnailUrl":"https:\/\/www.sistemas-catalunya.com\/wp-content\/uploads\/2021\/10\/sistemas-digitales-Impresora-multifuncional-ricoh.jpg","datePublished":"2025-07-21T10:31:35+00:00","dateModified":"2025-07-21T22:15:25+00:00","breadcrumb":{"@id":"https:\/\/www.sistemas-catalunya.com\/ca\/renting-impresoras\/renting-impressores-valencia\/#breadcrumb"},"inLanguage":"ca","potentialAction":[{"@type":"ReadAction","target":["https:\/\/www.sistemas-catalunya.com\/ca\/renting-impresoras\/renting-impressores-valencia\/"]}]},{"@type":"ImageObject","inLanguage":"ca","@id":"https:\/\/www.sistemas-catalunya.com\/ca\/renting-impresoras\/renting-impressores-valencia\/#primaryimage","url":"https:\/\/www.sistemas-catalunya.com\/wp-content\/uploads\/2021\/10\/sistemas-digitales-Impresora-multifuncional-ricoh.jpg","contentUrl":"https:\/\/www.sistemas-catalunya.com\/wp-content\/uploads\/2021\/10\/sistemas-digitales-Impresora-multifuncional-ricoh.jpg"},{"@type":"BreadcrumbList","@id":"https:\/\/www.sistemas-catalunya.com\/ca\/renting-impresoras\/renting-impressores-valencia\/#breadcrumb","itemListElement":[{"@type":"ListItem","position":1,"name":"Sistemas Catalunya","item":"https:\/\/www.sistemas-catalunya.com\/ca\/"},{"@type":"ListItem","position":2,"name":"Lloguer d'impressores","item":"https:\/\/www.sistemas-catalunya.com\/ca\/renting-impresoras\/"},{"@type":"ListItem","position":3,"name":"R\u00e8nting impressores Val\u00e8ncia"}]},{"@type":"WebSite","@id":"https:\/\/www.sistemas-catalunya.com\/ca\/#website","url":"https:\/\/www.sistemas-catalunya.com\/ca\/","name":"Sistemas Digitales","description":"Renting de Impresoras y Fotocopiadoras ...","potentialAction":[{"@type":"SearchAction","target":{"@type":"EntryPoint","urlTemplate":"https:\/\/www.sistemas-catalunya.com\/ca\/?s={search_term_string}"},"query-input":{"@type":"PropertyValueSpecification","valueRequired":true,"valueName":"search_term_string"}}],"inLanguage":"ca"}]}},"_links":{"self":[{"href":"https:\/\/www.sistemas-catalunya.com\/ca\/wp-json\/wp\/v2\/renting-impresoras\/270144","targetHints":{"allow":["GET"]}}],"collection":[{"href":"https:\/\/www.sistemas-catalunya.com\/ca\/wp-json\/wp\/v2\/renting-impresoras"}],"about":[{"href":"https:\/\/www.sistemas-catalunya.com\/ca\/wp-json\/wp\/v2\/types\/renting-impresoras"}],"version-history":[{"count":1,"href":"https:\/\/www.sistemas-catalunya.com\/ca\/wp-json\/wp\/v2\/renting-impresoras\/270144\/revisions"}],"predecessor-version":[{"id":270146,"href":"https:\/\/www.sistemas-catalunya.com\/ca\/wp-json\/wp\/v2\/renting-impresoras\/270144\/revisions\/270146"}],"wp:attachment":[{"href":"https:\/\/www.sistemas-catalunya.com\/ca\/wp-json\/wp\/v2\/media?parent=270144"}],"curies":[{"name":"wp","href":"https:\/\/api.w.org\/{rel}","templated":true}]}}