{"id":270151,"date":"2025-07-21T11:31:36","date_gmt":"2025-07-21T10:31:36","guid":{"rendered":"https:\/\/www.sistemas-catalunya.com\/renting-impresoras-2\/renting-impressores-a3\/"},"modified":"2025-07-21T23:15:32","modified_gmt":"2025-07-21T22:15:32","slug":"renting-impressores-a3","status":"publish","type":"renting-impresoras","link":"https:\/\/www.sistemas-catalunya.com\/ca\/renting-impresoras\/renting-impressores-a3\/","title":{"rendered":"Renting Impressores A3"},"content":{"rendered":"\n<p><\/p>\n\n<div class=\"wp-block-columns is-layout-flex wp-container-core-columns-is-layout-28f84493 wp-block-columns-is-layout-flex\">\n<div class=\"wp-block-column is-layout-flow wp-block-column-is-layout-flow\">\n<h2 class=\"wp-block-heading has-text-align-center\">R\u00c8NTING IMPRESSORES A3<\/h2>\n\n\n\n<p class=\"has-text-align-center\">Una impressora per a format a3 \u00e9s un ordinador d&#8217;impressi\u00f3 preparat per treballar amb paper de mida m\u00e0xima a3. Aquesta funcionalitat extra \u00e9s molt \u00fatil per a empreses que treballen amb aquest tipus de format <\/p>\n\n\n\n<p class=\"has-text-align-center\"><\/p>\n<\/div>\n<\/div>\n\n<div style=\"height:50px\" aria-hidden=\"true\" class=\"wp-block-spacer\"><\/div>\n\n<div class=\"wp-block-columns is-layout-flex wp-container-core-columns-is-layout-28f84493 wp-block-columns-is-layout-flex\">\n<div class=\"wp-block-column is-vertically-aligned-center is-layout-flow wp-block-column-is-layout-flow\">\n<h2 class=\"wp-block-heading\">Impressora A3 multifunci\u00f3<\/h2>\n\n\n\n<p>La impressora a3 multifunci\u00f3, a m\u00e9s de les tasques habituals d&#8217;impressi\u00f3 de documents, \u00e9s capa\u00e7 de fer altres funcions com la d&#8217;escanejat de documents o la fotoc\u00f2pia. Moltes impressores a3 multifunci\u00f3 estan preparades per treballar amb documents allotjats al n\u00favol a trav\u00e9s de connexi\u00f3 Wifi. <\/p>\n\n\n\n<p>Altres <strong>impressores multifunci\u00f3 a3<\/strong> incorporen ports de connexi\u00f3 per facilitar el tractament de documents des de mem\u00f2ries USB o targetes SD.<\/p>\n<\/div>\n\n\n\n<div class=\"wp-block-column is-layout-flow wp-block-column-is-layout-flow\">\n<figure class=\"wp-block-image has-custom-border\"><a href=\"https:\/\/www.sistemas-catalunya.com\/ca\/cat-producto\/impressores-multifuncionals\/\"><img decoding=\"async\" src=\"https:\/\/www.sistemas-catalunya.com\/wp-content\/uploads\/2021\/10\/sistemas-digitales-Impresora-multifuncional-ricoh.jpg\" alt=\"sistemes-digitals-Impressora-multifuncional-ricoh\" style=\"border-radius:10px\"\/><\/a><\/figure>\n<\/div>\n<\/div>\n\n<div style=\"height:50px\" aria-hidden=\"true\" class=\"wp-block-spacer\"><\/div>\n\n<div class=\"wp-block-columns is-layout-flex wp-container-core-columns-is-layout-28f84493 wp-block-columns-is-layout-flex\">\n<div class=\"wp-block-column is-layout-flow wp-block-column-is-layout-flow\">\n<figure class=\"wp-block-image size-full has-custom-border\"><img fetchpriority=\"high\" decoding=\"async\" width=\"611\" height=\"423\" src=\"https:\/\/www.sistemas-catalunya.com\/wp-content\/uploads\/image.png\" alt=\"\" class=\"wp-image-268989\" style=\"border-radius:10px\" srcset=\"https:\/\/www.sistemas-catalunya.com\/wp-content\/uploads\/image.png 611w, https:\/\/www.sistemas-catalunya.com\/wp-content\/uploads\/image-300x208.png 300w, https:\/\/www.sistemas-catalunya.com\/wp-content\/uploads\/image-600x415.png 600w\" sizes=\"(max-width: 611px) 100vw, 611px\" \/><\/figure>\n<\/div>\n\n\n\n<div class=\"wp-block-column is-vertically-aligned-center is-layout-flow wp-block-column-is-layout-flow\">\n<h2 class=\"wp-block-heading\">Impressora A3 r\u00e8nting.<\/h2>\n\n\n\n<p>Sabies que ja no cal pagar per adquirir en propietat una impressora 3d? Cada cop s\u00f3n m\u00e9s els negocis que aposten per la impressora a3 r\u00e8nting. <\/p>\n\n\n\n<p><br\/>Aquest servei et permet treballar amb una impressora a3 r\u00e8nting d&#8217;\u00faltima generaci\u00f3 durant el per\u00edode contractat amb l&#8217;empresa prove\u00efdora i decidir si vols quedar-te-la quan finalitzi el termini o canviar-la per una de m\u00e9s moderna.<br\/> L&#8217;alternativa de la impressora a3 renting \u00e9s molt rendible tenint en compte que es tracta d&#8217;un tipus de dispositiu que est\u00e0 en evoluci\u00f3 constant.<\/p>\n\n\n\n<p><br\/>A m\u00e9s, les empreses que ofereixen els serveis d&#8217;impressora a3 r\u00e8nting solen incloure en els acords l&#8217;enviament dels consumibles a la quantitat pactada a l&#8217;acord, per la qual cosa pots estimar amb tota precisi\u00f3 les despeses en tractament de documentaci\u00f3 de la teva empresa per al per\u00edode contractat.<\/p>\n\n\n\n<div class=\"wp-block-buttons #contacto is-layout-flex wp-block-buttons-is-layout-flex\">\n<div class=\"wp-block-button\"><a class=\"wp-block-button__link has-white-color has-vivid-red-background-color has-text-color has-background has-link-color has-small-font-size has-custom-font-size wp-element-button\" rel=\"https:\/\/www.sistemas-catalunya.com\/cat-producto\/impresoras\/\">DESCOBREIX M\u00c9S<\/a><\/div>\n<\/div>\n<\/div>\n<\/div>\n\n<div style=\"height:50px\" aria-hidden=\"true\" class=\"wp-block-spacer\"><\/div>\n\n<div style=\"height:20px\" aria-hidden=\"true\" class=\"wp-block-spacer\"><\/div>\n\n<div style=\"height:50px\" aria-hidden=\"true\" class=\"wp-block-spacer\"><\/div>\n\n<iframe src=\"https:\/\/www.google.com\/maps\/embed?pb=!1m18!1m12!1m3!1d765917.0629178677!2d0.43226546120900666!3d41.42048108847498!2m3!1f0!2f0!3f0!3m2!1i1024!2i768!4f13.1!3m3!1m2!1s0x12a499481b8427bf%3A0xa97a5ec3617b17d9!2sDistribuidor%20Ricoh%20Barcelona%20y%20renting%20de%20impresoras%20%7C%20Sistemas%20Digitales%20de%20Catalunya!5e0!3m2!1ses!2ses!4v1752830408406!5m2!1ses!2ses\" width=\"600\" height=\"450\" style=\"border:0;\" allowfullscreen=\"\" loading=\"lazy\" referrerpolicy=\"no-referrer-when-downgrade\"><\/iframe>\n","protected":false},"parent":0,"menu_order":0,"template":"","class_list":["post-270151","renting-impresoras","type-renting-impresoras","status-publish","hentry"],"acf":[],"yoast_head":"<!-- This site is optimized with the Yoast SEO plugin v27.4 - https:\/\/yoast.com\/product\/yoast-seo-wordpress\/ -->\n<title>Renting Impressores A3  Sistemas Digitales<\/title>\n<meta name=\"robots\" content=\"index, follow, max-snippet:-1, max-image-preview:large, max-video-preview:-1\" \/>\n<link rel=\"canonical\" href=\"https:\/\/www.sistemas-catalunya.com\/ca\/renting-impresoras\/renting-impressores-a3\/\" \/>\n<meta property=\"og:locale\" content=\"ca_ES\" \/>\n<meta property=\"og:type\" content=\"article\" \/>\n<meta property=\"og:title\" content=\"Renting Impressores A3  Sistemas Digitales\" \/>\n<meta property=\"og:description\" content=\"R\u00c8NTING IMPRESSORES A3 Una impressora per a format a3 \u00e9s un ordinador d&#8217;impressi\u00f3 preparat per treballar amb paper de mida m\u00e0xima a3. Aquesta funcionalitat extra \u00e9s molt \u00fatil per a empreses que treballen amb aquest tipus de format Impressora A3 multifunci\u00f3 La impressora a3 multifunci\u00f3, a m\u00e9s de les tasques habituals d&#8217;impressi\u00f3 de documents, \u00e9s [&hellip;]\" \/>\n<meta property=\"og:url\" content=\"https:\/\/www.sistemas-catalunya.com\/ca\/renting-impresoras\/renting-impressores-a3\/\" \/>\n<meta property=\"og:site_name\" content=\"Sistemas Digitales\" \/>\n<meta property=\"article:modified_time\" content=\"2025-07-21T22:15:32+00:00\" \/>\n<meta property=\"og:image\" content=\"https:\/\/www.sistemas-catalunya.com\/wp-content\/uploads\/2021\/10\/sistemas-digitales-Impresora-multifuncional-ricoh.jpg\" \/>\n<meta name=\"twitter:card\" content=\"summary_large_image\" \/>\n<meta name=\"twitter:label1\" content=\"Temps estimat de lectura\" \/>\n\t<meta name=\"twitter:data1\" content=\"1 minut\" \/>\n<script type=\"application\/ld+json\" class=\"yoast-schema-graph\">{\"@context\":\"https:\\\/\\\/schema.org\",\"@graph\":[{\"@type\":\"WebPage\",\"@id\":\"https:\\\/\\\/www.sistemas-catalunya.com\\\/ca\\\/renting-impresoras\\\/renting-impressores-a3\\\/\",\"url\":\"https:\\\/\\\/www.sistemas-catalunya.com\\\/ca\\\/renting-impresoras\\\/renting-impressores-a3\\\/\",\"name\":\"Renting Impressores A3 Sistemas Digitales\",\"isPartOf\":{\"@id\":\"https:\\\/\\\/www.sistemas-catalunya.com\\\/ca\\\/#website\"},\"primaryImageOfPage\":{\"@id\":\"https:\\\/\\\/www.sistemas-catalunya.com\\\/ca\\\/renting-impresoras\\\/renting-impressores-a3\\\/#primaryimage\"},\"image\":{\"@id\":\"https:\\\/\\\/www.sistemas-catalunya.com\\\/ca\\\/renting-impresoras\\\/renting-impressores-a3\\\/#primaryimage\"},\"thumbnailUrl\":\"https:\\\/\\\/www.sistemas-catalunya.com\\\/wp-content\\\/uploads\\\/2021\\\/10\\\/sistemas-digitales-Impresora-multifuncional-ricoh.jpg\",\"datePublished\":\"2025-07-21T10:31:36+00:00\",\"dateModified\":\"2025-07-21T22:15:32+00:00\",\"breadcrumb\":{\"@id\":\"https:\\\/\\\/www.sistemas-catalunya.com\\\/ca\\\/renting-impresoras\\\/renting-impressores-a3\\\/#breadcrumb\"},\"inLanguage\":\"ca\",\"potentialAction\":[{\"@type\":\"ReadAction\",\"target\":[\"https:\\\/\\\/www.sistemas-catalunya.com\\\/ca\\\/renting-impresoras\\\/renting-impressores-a3\\\/\"]}]},{\"@type\":\"ImageObject\",\"inLanguage\":\"ca\",\"@id\":\"https:\\\/\\\/www.sistemas-catalunya.com\\\/ca\\\/renting-impresoras\\\/renting-impressores-a3\\\/#primaryimage\",\"url\":\"https:\\\/\\\/www.sistemas-catalunya.com\\\/wp-content\\\/uploads\\\/2021\\\/10\\\/sistemas-digitales-Impresora-multifuncional-ricoh.jpg\",\"contentUrl\":\"https:\\\/\\\/www.sistemas-catalunya.com\\\/wp-content\\\/uploads\\\/2021\\\/10\\\/sistemas-digitales-Impresora-multifuncional-ricoh.jpg\"},{\"@type\":\"BreadcrumbList\",\"@id\":\"https:\\\/\\\/www.sistemas-catalunya.com\\\/ca\\\/renting-impresoras\\\/renting-impressores-a3\\\/#breadcrumb\",\"itemListElement\":[{\"@type\":\"ListItem\",\"position\":1,\"name\":\"Sistemas Catalunya\",\"item\":\"https:\\\/\\\/www.sistemas-catalunya.com\\\/ca\\\/\"},{\"@type\":\"ListItem\",\"position\":2,\"name\":\"Lloguer d'impressores\",\"item\":\"https:\\\/\\\/www.sistemas-catalunya.com\\\/ca\\\/renting-impresoras\\\/\"},{\"@type\":\"ListItem\",\"position\":3,\"name\":\"Renting Impressores A3\"}]},{\"@type\":\"WebSite\",\"@id\":\"https:\\\/\\\/www.sistemas-catalunya.com\\\/ca\\\/#website\",\"url\":\"https:\\\/\\\/www.sistemas-catalunya.com\\\/ca\\\/\",\"name\":\"Sistemas Digitales\",\"description\":\"Renting de Impresoras y Fotocopiadoras ...\",\"potentialAction\":[{\"@type\":\"SearchAction\",\"target\":{\"@type\":\"EntryPoint\",\"urlTemplate\":\"https:\\\/\\\/www.sistemas-catalunya.com\\\/ca\\\/?s={search_term_string}\"},\"query-input\":{\"@type\":\"PropertyValueSpecification\",\"valueRequired\":true,\"valueName\":\"search_term_string\"}}],\"inLanguage\":\"ca\"}]}<\/script>\n<!-- \/ Yoast SEO plugin. -->","yoast_head_json":{"title":"Renting Impressores A3  Sistemas Digitales","robots":{"index":"index","follow":"follow","max-snippet":"max-snippet:-1","max-image-preview":"max-image-preview:large","max-video-preview":"max-video-preview:-1"},"canonical":"https:\/\/www.sistemas-catalunya.com\/ca\/renting-impresoras\/renting-impressores-a3\/","og_locale":"ca_ES","og_type":"article","og_title":"Renting Impressores A3  Sistemas Digitales","og_description":"R\u00c8NTING IMPRESSORES A3 Una impressora per a format a3 \u00e9s un ordinador d&#8217;impressi\u00f3 preparat per treballar amb paper de mida m\u00e0xima a3. Aquesta funcionalitat extra \u00e9s molt \u00fatil per a empreses que treballen amb aquest tipus de format Impressora A3 multifunci\u00f3 La impressora a3 multifunci\u00f3, a m\u00e9s de les tasques habituals d&#8217;impressi\u00f3 de documents, \u00e9s [&hellip;]","og_url":"https:\/\/www.sistemas-catalunya.com\/ca\/renting-impresoras\/renting-impressores-a3\/","og_site_name":"Sistemas Digitales","article_modified_time":"2025-07-21T22:15:32+00:00","og_image":[{"url":"https:\/\/www.sistemas-catalunya.com\/wp-content\/uploads\/2021\/10\/sistemas-digitales-Impresora-multifuncional-ricoh.jpg","type":"","width":"","height":""}],"twitter_card":"summary_large_image","twitter_misc":{"Temps estimat de lectura":"1 minut"},"schema":{"@context":"https:\/\/schema.org","@graph":[{"@type":"WebPage","@id":"https:\/\/www.sistemas-catalunya.com\/ca\/renting-impresoras\/renting-impressores-a3\/","url":"https:\/\/www.sistemas-catalunya.com\/ca\/renting-impresoras\/renting-impressores-a3\/","name":"Renting Impressores A3 Sistemas Digitales","isPartOf":{"@id":"https:\/\/www.sistemas-catalunya.com\/ca\/#website"},"primaryImageOfPage":{"@id":"https:\/\/www.sistemas-catalunya.com\/ca\/renting-impresoras\/renting-impressores-a3\/#primaryimage"},"image":{"@id":"https:\/\/www.sistemas-catalunya.com\/ca\/renting-impresoras\/renting-impressores-a3\/#primaryimage"},"thumbnailUrl":"https:\/\/www.sistemas-catalunya.com\/wp-content\/uploads\/2021\/10\/sistemas-digitales-Impresora-multifuncional-ricoh.jpg","datePublished":"2025-07-21T10:31:36+00:00","dateModified":"2025-07-21T22:15:32+00:00","breadcrumb":{"@id":"https:\/\/www.sistemas-catalunya.com\/ca\/renting-impresoras\/renting-impressores-a3\/#breadcrumb"},"inLanguage":"ca","potentialAction":[{"@type":"ReadAction","target":["https:\/\/www.sistemas-catalunya.com\/ca\/renting-impresoras\/renting-impressores-a3\/"]}]},{"@type":"ImageObject","inLanguage":"ca","@id":"https:\/\/www.sistemas-catalunya.com\/ca\/renting-impresoras\/renting-impressores-a3\/#primaryimage","url":"https:\/\/www.sistemas-catalunya.com\/wp-content\/uploads\/2021\/10\/sistemas-digitales-Impresora-multifuncional-ricoh.jpg","contentUrl":"https:\/\/www.sistemas-catalunya.com\/wp-content\/uploads\/2021\/10\/sistemas-digitales-Impresora-multifuncional-ricoh.jpg"},{"@type":"BreadcrumbList","@id":"https:\/\/www.sistemas-catalunya.com\/ca\/renting-impresoras\/renting-impressores-a3\/#breadcrumb","itemListElement":[{"@type":"ListItem","position":1,"name":"Sistemas Catalunya","item":"https:\/\/www.sistemas-catalunya.com\/ca\/"},{"@type":"ListItem","position":2,"name":"Lloguer d'impressores","item":"https:\/\/www.sistemas-catalunya.com\/ca\/renting-impresoras\/"},{"@type":"ListItem","position":3,"name":"Renting Impressores A3"}]},{"@type":"WebSite","@id":"https:\/\/www.sistemas-catalunya.com\/ca\/#website","url":"https:\/\/www.sistemas-catalunya.com\/ca\/","name":"Sistemas Digitales","description":"Renting de Impresoras y Fotocopiadoras ...","potentialAction":[{"@type":"SearchAction","target":{"@type":"EntryPoint","urlTemplate":"https:\/\/www.sistemas-catalunya.com\/ca\/?s={search_term_string}"},"query-input":{"@type":"PropertyValueSpecification","valueRequired":true,"valueName":"search_term_string"}}],"inLanguage":"ca"}]}},"_links":{"self":[{"href":"https:\/\/www.sistemas-catalunya.com\/ca\/wp-json\/wp\/v2\/renting-impresoras\/270151","targetHints":{"allow":["GET"]}}],"collection":[{"href":"https:\/\/www.sistemas-catalunya.com\/ca\/wp-json\/wp\/v2\/renting-impresoras"}],"about":[{"href":"https:\/\/www.sistemas-catalunya.com\/ca\/wp-json\/wp\/v2\/types\/renting-impresoras"}],"version-history":[{"count":1,"href":"https:\/\/www.sistemas-catalunya.com\/ca\/wp-json\/wp\/v2\/renting-impresoras\/270151\/revisions"}],"predecessor-version":[{"id":270152,"href":"https:\/\/www.sistemas-catalunya.com\/ca\/wp-json\/wp\/v2\/renting-impresoras\/270151\/revisions\/270152"}],"wp:attachment":[{"href":"https:\/\/www.sistemas-catalunya.com\/ca\/wp-json\/wp\/v2\/media?parent=270151"}],"curies":[{"name":"wp","href":"https:\/\/api.w.org\/{rel}","templated":true}]}}